{"id":4099,"date":"2019-11-27T13:13:25","date_gmt":"2019-11-27T12:13:25","guid":{"rendered":"https:\/\/www.koest.ch\/references\/"},"modified":"2026-04-20T20:39:36","modified_gmt":"2026-04-20T18:39:36","slug":"references","status":"publish","type":"page","link":"https:\/\/www.koest.ch\/fr\/references\/","title":{"rendered":"R\u00e9f\u00e9rences"},"content":{"rendered":"<p>Vous trouverez ici une s\u00e9lection de clients dans les domaines de la gestion des associations et des campagnes.<\/p>\n<p><strong>Remarque<\/strong><\/p>\n<p>Le site web de la Soci\u00e9t\u00e9 Suisse de Public Affairs (SSPA) pr\u00e9sente les mandats des collaborateurs qui sont membres de la SSPA <a href=\"https:\/\/www.public-affairs.ch\/de\/mitglieder\/walter-stuedeli-koehler-stuedeli-partner-gmbh\" target=\"_blank\" rel=\"noopener\">(Walter St\u00fcdeli<\/a> et <a href=\"https:\/\/www.public-affairs.ch\/de\/mitglieder\/cornelia-steck-koehler-stuedeli-partner-gmbh\" target=\"_blank\" rel=\"noopener\">Cornelia Steck<\/a>).<\/p>\n<p>Les mandats de communication classiques de nature non politique d&rsquo;entreprises, d&rsquo;ONG ou de personnes ne sont pas toujours mentionn\u00e9s publiquement pour des raisons de discr\u00e9tion.<\/p>\n<h2>Direction des associations<\/h2>\n<p>Depuis 2025<br \/>\n<strong>Suisse. Association pour les rem\u00e8des de m\u00e9decine compl\u00e9mentaire <\/strong> <a style=\"font-size: 18px; font-style: normal; font-weight: 400; background-color: #ffffff; transition-property: all;\" href=\"http:\/\/www.svkh.ch\/\" target=\"_blank\" rel=\"noopener\">ASPC<\/a><\/p>\n<p>Depuis 2022 &#8211; 04\/2024<br \/>\n<strong>Association Alliance pour la transformation num\u00e9rique dans le domaine de la sant\u00e9<\/strong> <a href=\"http:\/\/www.adtg.ch\" target=\"_blank\" rel=\"noopener\">ADTG<\/a><\/p>\n<p>Depuis 2016<br \/>\n<strong>Association \u00ab\u00a0Politicien(ne)s f\u00e9d\u00e9ral(e)s pour la d\u00e9mocratie et l&rsquo;\u00c9tat de droit<\/strong><\/p>\n<p>Depuis 2009<br \/>\n<strong>Association fa\u00eeti\u00e8re de la m\u00e9decine compl\u00e9mentaire<\/strong> <a href=\"http:\/\/www.dakomed.ch\" target=\"_blank\" rel=\"noopener\">Fedmedcom<\/a><\/p>\n<p>Depuis 2008<br \/>\n<strong>Communaut\u00e9 d&rsquo;int\u00e9r\u00eats<\/strong> <a href=\"http:\/\/www.ig-ehealth.ch\" target=\"_blank\" rel=\"noopener\">IG eHealth<\/a><\/p>\n<p>2016 &#8211; 2017<br \/>\n<strong>Association \u00ab\u00a0Stop \u00e0 l&rsquo;\u00eelot de chert\u00e9 &#8211; pour des prix \u00e9quitables<\/strong><\/p>\n<p>2004 \u00e0 2022<br \/>\n<strong>Suisse. Association pour les rem\u00e8des de m\u00e9decine compl\u00e9mentaire   <\/strong><a href=\"http:\/\/www.svkh.ch\" target=\"_blank\" rel=\"noopener\">ASPC<\/a><\/p>\n<p>2008 &#8211; 2012<br \/>\n<strong>Communaut\u00e9 d&rsquo;int\u00e9r\u00eats CI Phytoth\u00e9rapie<\/strong><\/p>\n<p><img fetchpriority=\"high\" decoding=\"async\" src=\"https:\/\/www.koest.ch\/wp-content\/uploads\/2020\/01\/impression_mit_ipad-1024x683.jpg\" sizes=\"(max-width: 1024px) 100vw, 1024px\" srcset=\"https:\/\/www.koest.ch\/wp-content\/uploads\/2020\/01\/impression_mit_ipad-1024x683.jpg 1024w, https:\/\/www.koest.ch\/wp-content\/uploads\/2020\/01\/impression_mit_ipad-300x200.jpg 300w, https:\/\/www.koest.ch\/wp-content\/uploads\/2020\/01\/impression_mit_ipad-768x512.jpg 768w, https:\/\/www.koest.ch\/wp-content\/uploads\/2020\/01\/impression_mit_ipad-1536x1024.jpg 1536w, https:\/\/www.koest.ch\/wp-content\/uploads\/2020\/01\/impression_mit_ipad-2048x1365.jpg 2048w\" alt=\"\" width=\"1024\" height=\"683\"><br \/>\n<img decoding=\"async\" src=\"https:\/\/www.koest.ch\/wp-content\/uploads\/2020\/01\/impression_mit_zeitung-1024x683.jpg\" sizes=\"(max-width: 1024px) 100vw, 1024px\" srcset=\"https:\/\/www.koest.ch\/wp-content\/uploads\/2020\/01\/impression_mit_zeitung-1024x683.jpg 1024w, https:\/\/www.koest.ch\/wp-content\/uploads\/2020\/01\/impression_mit_zeitung-300x200.jpg 300w, https:\/\/www.koest.ch\/wp-content\/uploads\/2020\/01\/impression_mit_zeitung-768x512.jpg 768w, https:\/\/www.koest.ch\/wp-content\/uploads\/2020\/01\/impression_mit_zeitung-1536x1024.jpg 1536w, https:\/\/www.koest.ch\/wp-content\/uploads\/2020\/01\/impression_mit_zeitung-2048x1365.jpg 2048w\" alt=\"\" width=\"1024\" height=\"683\"><\/p>\n<h2>Campagnes<\/h2>\n<p>28 novembre 2021<br \/>\n<b>Projet f\u00e9d\u00e9ral de l&rsquo;initiative populaire <\/b>\u00ab\u00a0<b style=\"font-style: inherit;\">pour des soins infirmiers forts (initiative sur les soins infirmiers)<\/b>\u00ab\u00a0<b style=\"font-style: inherit;\">, direction de la campagne pour le oui<br \/>\n<\/b><b style=\"font-style: inherit;\">Mandant : Association <\/b>\u00ab\u00a0<b style=\"font-style: inherit;\">Oui \u00e0 l&rsquo;initiative sur les soins infirmiers<\/b>\u00ab\u00a0<b style=\"font-style: inherit;\"> \/ ASI-BSK<\/b><\/p>\n<p>10 f\u00e9vrier 2019<br \/>\n<strong>Projet cantonal BS\/BL \u00ab\u00a0Non \u00e0 la fusion des h\u00f4pitaux\u00a0\u00bb, direction de la campagne du non<\/strong><br \/>\n<strong>Mandataire : Association \u00ab\u00a0Non aux accords d&rsquo;Etat<\/strong><\/p>\n<p>25 novembre 2018<br \/>\n<strong>Soutien pro bono Non \u00e0 l&rsquo;initiative pour l&rsquo;autod\u00e9termination SBI, <a href=\"http:\/\/faktcheck.ch\" target=\"_blank\" rel=\"noopener\">faktcheck.ch<\/a><\/strong><br \/>\n<strong>Mandant : Association \u00ab\u00a0Parlementaires contre l&rsquo;initiative de mise en \u0153uvre\u00a0\u00bb.<\/strong><\/p>\n<p>2018\/2019\/2020<br \/>\n<strong style=\"font-size: 18px;\">Soutien bro bono \u00ab\u00a0Comit\u00e9 Oui \u00e0 la responsabilit\u00e9 des entreprises avec contre-proposition\u00a0\u00bb.<br \/>\n<\/strong><strong style=\"font-size: 18px;\">Mandant : initiative personnelle<\/strong><strong style=\"font-size: 18px;\"><br \/>\n<\/strong><\/p>\n<p>12 d\u00e9cembre 2017<br \/>\n<strong>D\u00e9p\u00f4t de l&rsquo;initiative populaire f\u00e9d\u00e9rale \u00ab\u00a0Stop \u00e0 l&rsquo;\u00eelot de chert\u00e9 &#8211; pour des prix \u00e9quitables\u00a0\u00bb.<\/strong><br \/>\n<strong>Commanditaire : Association \u00ab\u00a0Stop \u00e0 l&rsquo;\u00eelot de chert\u00e9 &#8211; pour des prix \u00e9quitables\u00a0\u00bb.<\/strong><\/p>\n<p>7 novembre 2017<br \/>\n<b>D\u00e9p\u00f4t de l&rsquo;initiative populaire f\u00e9d\u00e9rale \u00ab\u00a0pour des soins infirmiers forts (initiative sur les soins infirmiers)\u00a0\u00bb<br \/>\nMandant : ASI-ASI<\/b><\/p>\n<p>24 septembre 2017<br \/>\n<strong>Pr\u00e9voyance vieillesse 2020 : soutien \u00e0 la campagne pour le oui (r\u00e9f\u00e9rendum obligatoire)<\/strong><br \/>\n<strong>Mandant : ASIP Association suisse des institutions de pr\u00e9voyance<\/strong><\/p>\n<p>17 janvier 2017<br \/>\n<strong>Soutien au lancement de l&rsquo;initiative populaire f\u00e9d\u00e9rale pour des soins infirmiers forts<a href=\"http:\/\/www.pflegeinitiative.ch\" target=\"_blank\" rel=\"noopener\">(initiative sur les soins infirmiers<\/a>)<\/strong><\/p>\n<p>20 septembre 2016<br \/>\n<strong>Lancement de l&rsquo;initiative populaire f\u00e9d\u00e9rale \u00ab\u00a0Stop \u00e0 l&rsquo;\u00eelot de chert\u00e9 &#8211; pour des prix \u00e9quitables\u00a0\u00bb, <a href=\"http:\/\/fair-preis-initiative.ch\" target=\"_blank\" rel=\"noopener\">fair-preis-initiative.ch<\/a><\/strong><br \/>\n<strong>Commanditaire : Association \u00ab\u00a0Stop \u00e0 l&rsquo;\u00eelot de chert\u00e9 &#8211; pour des prix \u00e9quitables\u00a0\u00bb.<\/strong><\/p>\n<p>5 juin 2016<br \/>\n<strong>R\u00e9vision de la loi sur l&rsquo;asile<\/strong><br \/>\n<strong>Soutien \u00e0 la campagne du oui, <a href=\"http:\/\/www.faktcheck.ch\" target=\"_blank\" rel=\"noopener\">faktcheck.ch<\/a><\/strong><br \/>\n<strong>Mandant : Association \u00ab\u00a0Parlementaires contre l&rsquo;initiative de mise en \u0153uvre\u00a0\u00bb.<\/strong><\/p>\n<p>28 f\u00e9vrier 2016<br \/>\n<strong>Initiative populaire \u00ab\u00a0Pour l&rsquo;ex\u00e9cution du renvoi des \u00e9trangers criminels (Initiative de mise en \u0153uvre)\u00a0\u00bb, <a href=\"http:\/\/www.faktcheck.ch\" target=\"_blank\" rel=\"noopener\">faktcheck.ch<\/a><\/strong><br \/>\n<strong>Soutien pro bono \u00e0 la campagne du non<\/strong><br \/>\n<strong>Mandant : Association \u00ab\u00a0Parlementaires contre l&rsquo;initiative de mise en \u0153uvre\u00a0\u00bb.  <\/strong><\/p>\n<p>2015 \u00e0 2017<br \/>\n<strong>P\u00e9tition en ligne contre la fermeture du Politforum au K\u00e4figturm, <a href=\"http:\/\/www.rettet-den-kaefigturm.ch\" target=\"_blank\" rel=\"noopener\">rettet-den-kaefigturm.ch<\/a><\/strong><br \/>\n<strong>Client : Initiative personnelle (avec <a href=\"https:\/\/www.border-crossing.ch\/\" target=\"_blank\" rel=\"noopener\">Mark Balsiger<\/a>)<\/strong><\/p>\n<p>28 septembre 2014<br \/>\n<strong>Initiative populaire \u00ab\u00a0Stop \u00e0 la discrimination de l&rsquo;h\u00f4tellerie-restauration par la TVA\u00a0\u00bb ! Direction de la campagne du Non<\/strong><br \/>\n<strong>Client : CI CDS<\/strong><\/p>\n<p>22 septembre 2013<br \/>\n<strong>R\u00e9f\u00e9rendum sur la loi sur les \u00e9pid\u00e9mies, direction de la campagne pour le oui<\/strong><br \/>\n<strong>Client : Public Health Schweiz<\/strong><\/p>\n<p>23 septembre 2012<br \/>\n<strong>Initiative populaire \u00ab\u00a0Protection contre le tabagisme passif\u00a0\u00bb, strat\u00e9gie et suivi de la mise en \u0153uvre (r\u00e9colte de signatures, d\u00e9bat aux Chambres, campagne de votation)<\/strong><br \/>\n<strong>Mandant : Ligue pulmonaire suisse<\/strong><\/p>\n<p>17 juin 2012<br \/>\n<strong>Votation sur la modification de la LAMal sur le Managed Care, direction de la campagne pour le oui<\/strong><br \/>\n<strong>Mandant : Soci\u00e9t\u00e9 Suisse de M\u00e9decine G\u00e9n\u00e9rale Soci\u00e9t\u00e9 suisse de m\u00e9decine g\u00e9n\u00e9rale SSMG <\/strong><\/p>\n<p>11 mars 2012<br \/>\n<strong>R\u00e9f\u00e9rendum sur le prix unique du livre Coordination de la collecte de signatures R\u00e9f\u00e9rendum et campagne pour le non<\/strong><br \/>\n<strong>Client : F\u00e9d\u00e9ration des coop\u00e9ratives Migros<\/strong><\/p>\n<p>17 mai 2009<br \/>\n<strong>Article constitutionnel 118a \u00ab\u00a0M\u00e9decine compl\u00e9mentaire\u00a0\u00bb, strat\u00e9gie et mise en \u0153uvre de l&rsquo;initiative populaire et du contre-projet, direction de la campagne et fonction de porte-parole<\/strong><br \/>\n<strong>Mandant : ffg (depuis 2010 F\u00e9d\u00e9ration des m\u00e9decines compl\u00e9mentaires)<\/strong><\/p>\n<h2>S\u00e9lection de clients actuels et anciens<\/h2>\n<ul>\n<li>Alliance &lsquo;La Suisse en sant\u00e9<\/li>\n<li>ASIP Association suisse des institutions de pr\u00e9voyance<\/li>\n<li>ASP Association suisse des psychoth\u00e9rapeutes<\/li>\n<li>BSPV Basler Privatspit\u00e4ler-Vereinigung (Association b\u00e2loise des h\u00f4pitaux priv\u00e9s)<\/li>\n<li>Coop Suisse<\/li>\n<li>FMC Forum Managed Care<\/li>\n<li>FMH<\/li>\n<li>FSP F\u00e9d\u00e9ration Suisse des Psychologues<\/li>\n<li>GELIKO Conf\u00e9rence suisse des ligues de la sant\u00e9<\/li>\n<li>GS1 Suisse<\/li>\n<li>Galenica<\/li>\n<li>Galenicare<\/li>\n<li>Solutions HCI<\/li>\n<li>HIN Health Info Net<\/li>\n<li>Groupe de cliniques priv\u00e9es Hirslanden<\/li>\n<li>IBSA SA<\/li>\n<li>CI commerce de d\u00e9tail<\/li>\n<li>KSKH\/CASAT M\u00e9thodes d&rsquo;art-th\u00e9rapie<\/li>\n<li>Microsoft Suisse<\/li>\n<li>F\u00e9d\u00e9ration des coop\u00e9ratives Migros<\/li>\n<li>P\u00e9diatrie Suisse (Groupe d&rsquo;experts &amp; Intergroupe parlementaire M\u00e9decine p\u00e9diatrique)<\/li>\n<li>PEDeus SA<\/li>\n<li>pharmaSuisse &#8211; Soci\u00e9t\u00e9 suisse des pharmaciens<\/li>\n<li>Physioswiss<\/li>\n<li>Sant\u00e9 publique Suisse<\/li>\n<li>SBAP Association Professionnelle Suisse de Psychologie Appliqu\u00e9e<\/li>\n<li>SBK-ASI Association professionnelle des soins infirmiers<\/li>\n<li>ASI Section de Berne<\/li>\n<li>Soci\u00e9t\u00e9 suisse de gyn\u00e9cologie et d&rsquo;obst\u00e9trique SSGO<\/li>\n<li>F\u00e9d\u00e9ration suisse des sages-femmes<\/li>\n<li>La Poste suisse<\/li>\n<li>SENS Fondation pour le recyclage des appareils \u00e9lectriques et \u00e9lectroniques en Suisse<\/li>\n<li>SSPPEA Soci\u00e9t\u00e9 suisse de psychiatrie et psychoth\u00e9rapie d&rsquo;enfants et d&rsquo;adolescents<\/li>\n<li>Similasan<\/li>\n<li>SLRS Fondation suisse pour le recyclage des sources lumineuses<\/li>\n<li>Fondation pour la s\u00e9curit\u00e9 des patients<\/li>\n<li>Swiss Medi Kids<\/li>\n<li>Tox Info Suisse<\/li>\n<li>UBS Suisse<\/li>\n<\/ul>\n<p><img decoding=\"async\" src=\"https:\/\/www.koest.ch\/wp-content\/uploads\/2020\/01\/impression_kaffee_tasse-1024x683.jpg\" sizes=\"(max-width: 1024px) 100vw, 1024px\" srcset=\"https:\/\/www.koest.ch\/wp-content\/uploads\/2020\/01\/impression_kaffee_tasse-1024x683.jpg 1024w, https:\/\/www.koest.ch\/wp-content\/uploads\/2020\/01\/impression_kaffee_tasse-300x200.jpg 300w, https:\/\/www.koest.ch\/wp-content\/uploads\/2020\/01\/impression_kaffee_tasse-768x512.jpg 768w, https:\/\/www.koest.ch\/wp-content\/uploads\/2020\/01\/impression_kaffee_tasse-1536x1024.jpg 1536w, https:\/\/www.koest.ch\/wp-content\/uploads\/2020\/01\/impression_kaffee_tasse-2048x1365.jpg 2048w\" alt=\"\" width=\"1024\" height=\"683\"><\/p>\n","protected":false},"excerpt":{"rendered":"<p>Vous trouverez ici une s\u00e9lection de clients dans les domaines de la gestion des associations et des campagnes. Remarque Le site web de la Soci\u00e9t\u00e9 [&hellip;]<\/p>\n","protected":false},"author":1,"featured_media":3450,"parent":0,"menu_order":0,"comment_status":"closed","ping_status":"closed","template":"","meta":{"_acf_changed":false,"site-sidebar-layout":"no-sidebar","site-content-layout":"page-builder","ast-site-content-layout":"full-width-container","site-content-style":"unboxed","site-sidebar-style":"unboxed","ast-global-header-display":"","ast-banner-title-visibility":"","ast-main-header-display":"","ast-hfb-above-header-display":"","ast-hfb-below-header-display":"","ast-hfb-mobile-header-display":"","site-post-title":"disabled","ast-breadcrumbs-content":"","ast-featured-img":"disabled","footer-sml-layout":"","ast-disable-related-posts":"","theme-transparent-header-meta":"default","adv-header-id-meta":"","stick-header-meta":"","header-above-stick-meta":"","header-main-stick-meta":"","header-below-stick-meta":"","astra-migrate-meta-layouts":"set","ast-page-background-enabled":"default","ast-page-background-meta":{"desktop":{"background-color":"","background-image":"","background-repeat":"repeat","background-position":"center center","background-size":"auto","background-attachment":"scroll","background-type":"","background-media":"","overlay-type":"","overlay-color":"","overlay-opacity":"","overlay-gradient":""},"tablet":{"background-color":"","background-image":"","background-repeat":"repeat","background-position":"center center","background-size":"auto","background-attachment":"scroll","background-type":"","background-media":"","overlay-type":"","overlay-color":"","overlay-opacity":"","overlay-gradient":""},"mobile":{"background-color":"","background-image":"","background-repeat":"repeat","background-position":"center center","background-size":"auto","background-attachment":"scroll","background-type":"","background-media":"","overlay-type":"","overlay-color":"","overlay-opacity":"","overlay-gradient":""}},"ast-content-background-meta":{"desktop":{"background-color":"var(--ast-global-color-5)","background-image":"","background-repeat":"repeat","background-position":"center center","background-size":"auto","background-attachment":"scroll","background-type":"","background-media":"","overlay-type":"","overlay-color":"","overlay-opacity":"","overlay-gradient":""},"tablet":{"background-color":"var(--ast-global-color-5)","background-image":"","background-repeat":"repeat","background-position":"center center","background-size":"auto","background-attachment":"scroll","background-type":"","background-media":"","overlay-type":"","overlay-color":"","overlay-opacity":"","overlay-gradient":""},"mobile":{"background-color":"var(--ast-global-color-5)","background-image":"","background-repeat":"repeat","background-position":"center center","background-size":"auto","background-attachment":"scroll","background-type":"","background-media":"","overlay-type":"","overlay-color":"","overlay-opacity":"","overlay-gradient":""}},"footnotes":""},"categories":[44,99],"tags":[101],"class_list":["post-4099","page","type-page","status-publish","has-post-thumbnail","hentry","category-clients","category-koest","tag-references"],"acf":[],"yoast_head":"<!-- This site is optimized with the Yoast SEO plugin v27.4 - https:\/\/yoast.com\/product\/yoast-seo-wordpress\/ -->\n<title>R\u00e9f\u00e9rences | K\u00f6hler, St\u00fcdeli &amp; Partner GmbH<\/title>\n<meta name=\"description\" content=\"K\u00f6hler, St\u00fcdeli &amp; Partenaires travaille depuis 20 ans pour des clients, des associations et des entreprises de renom en Suisse et \u00e0 l&#039;\u00e9tranger.\" \/>\n<meta name=\"robots\" content=\"index, follow, max-snippet:-1, max-image-preview:large, max-video-preview:-1\" \/>\n<link rel=\"canonical\" href=\"https:\/\/www.koest.ch\/fr\/references\/\" \/>\n<meta property=\"og:locale\" content=\"fr_FR\" \/>\n<meta property=\"og:type\" content=\"article\" \/>\n<meta property=\"og:title\" content=\"R\u00e9f\u00e9rences | K\u00f6hler, St\u00fcdeli &amp; Partner GmbH\" \/>\n<meta property=\"og:description\" content=\"K\u00f6hler, St\u00fcdeli &amp; Partenaires travaille depuis 20 ans pour des clients, des associations et des entreprises de renom en Suisse et \u00e0 l&#039;\u00e9tranger.\" \/>\n<meta property=\"og:url\" content=\"https:\/\/www.koest.ch\/fr\/references\/\" \/>\n<meta property=\"og:site_name\" content=\"K\u00f6hler, St\u00fcdeli &amp; Partner GmbH\" \/>\n<meta property=\"article:publisher\" content=\"https:\/\/www.facebook.com\/koehlerstuedeli\/\" \/>\n<meta property=\"article:modified_time\" content=\"2026-04-20T18:39:36+00:00\" \/>\n<meta property=\"og:image\" content=\"https:\/\/www.koest.ch\/wp-content\/uploads\/2019\/12\/header_bundeshaus_zeitungen.jpg\" \/>\n\t<meta property=\"og:image:width\" content=\"2100\" \/>\n\t<meta property=\"og:image:height\" content=\"1400\" \/>\n\t<meta property=\"og:image:type\" content=\"image\/jpeg\" \/>\n<script type=\"application\/ld+json\" class=\"yoast-schema-graph\">{\"@context\":\"https:\\\/\\\/schema.org\",\"@graph\":[{\"@type\":\"WebPage\",\"@id\":\"https:\\\/\\\/www.koest.ch\\\/fr\\\/references\\\/\",\"url\":\"https:\\\/\\\/www.koest.ch\\\/fr\\\/references\\\/\",\"name\":\"R\u00e9f\u00e9rences | K\u00f6hler, St\u00fcdeli &amp; Partner GmbH\",\"isPartOf\":{\"@id\":\"https:\\\/\\\/www.koest.ch\\\/fr\\\/#website\"},\"primaryImageOfPage\":{\"@id\":\"https:\\\/\\\/www.koest.ch\\\/fr\\\/references\\\/#primaryimage\"},\"image\":{\"@id\":\"https:\\\/\\\/www.koest.ch\\\/fr\\\/references\\\/#primaryimage\"},\"thumbnailUrl\":\"https:\\\/\\\/www.koest.ch\\\/wp-content\\\/uploads\\\/2019\\\/12\\\/header_bundeshaus_zeitungen.jpg\",\"datePublished\":\"2019-11-27T12:13:25+00:00\",\"dateModified\":\"2026-04-20T18:39:36+00:00\",\"description\":\"K\u00f6hler, St\u00fcdeli & Partenaires travaille depuis 20 ans pour des clients, des associations et des entreprises de renom en Suisse et \u00e0 l'\u00e9tranger.\",\"breadcrumb\":{\"@id\":\"https:\\\/\\\/www.koest.ch\\\/fr\\\/references\\\/#breadcrumb\"},\"inLanguage\":\"fr-FR\",\"potentialAction\":[{\"@type\":\"ReadAction\",\"target\":[\"https:\\\/\\\/www.koest.ch\\\/fr\\\/references\\\/\"]}]},{\"@type\":\"ImageObject\",\"inLanguage\":\"fr-FR\",\"@id\":\"https:\\\/\\\/www.koest.ch\\\/fr\\\/references\\\/#primaryimage\",\"url\":\"https:\\\/\\\/www.koest.ch\\\/wp-content\\\/uploads\\\/2019\\\/12\\\/header_bundeshaus_zeitungen.jpg\",\"contentUrl\":\"https:\\\/\\\/www.koest.ch\\\/wp-content\\\/uploads\\\/2019\\\/12\\\/header_bundeshaus_zeitungen.jpg\",\"width\":2100,\"height\":1400},{\"@type\":\"BreadcrumbList\",\"@id\":\"https:\\\/\\\/www.koest.ch\\\/fr\\\/references\\\/#breadcrumb\",\"itemListElement\":[{\"@type\":\"ListItem\",\"position\":1,\"name\":\"Startseite\",\"item\":\"https:\\\/\\\/www.koest.ch\\\/fr\\\/koehler-stuedeli-partner-gmbh\\\/\"},{\"@type\":\"ListItem\",\"position\":2,\"name\":\"R\u00e9f\u00e9rences\"}]},{\"@type\":\"WebSite\",\"@id\":\"https:\\\/\\\/www.koest.ch\\\/fr\\\/#website\",\"url\":\"https:\\\/\\\/www.koest.ch\\\/fr\\\/\",\"name\":\"K\u00f6hler, St\u00fcdeli & Partner GmbH\",\"description\":\"Politikberatung, Verbands- und Kommunikationsmanagement, Kampagnen\",\"publisher\":{\"@id\":\"https:\\\/\\\/www.koest.ch\\\/fr\\\/#organization\"},\"alternateName\":\"koest.ch\",\"potentialAction\":[{\"@type\":\"SearchAction\",\"target\":{\"@type\":\"EntryPoint\",\"urlTemplate\":\"https:\\\/\\\/www.koest.ch\\\/fr\\\/?s={search_term_string}\"},\"query-input\":{\"@type\":\"PropertyValueSpecification\",\"valueRequired\":true,\"valueName\":\"search_term_string\"}}],\"inLanguage\":\"fr-FR\"},{\"@type\":\"Organization\",\"@id\":\"https:\\\/\\\/www.koest.ch\\\/fr\\\/#organization\",\"name\":\"K\u00f6hler, St\u00fcdeli & Partner GmbH\",\"alternateName\":\"koest.ch\",\"url\":\"https:\\\/\\\/www.koest.ch\\\/fr\\\/\",\"logo\":{\"@type\":\"ImageObject\",\"inLanguage\":\"fr-FR\",\"@id\":\"https:\\\/\\\/www.koest.ch\\\/fr\\\/#\\\/schema\\\/logo\\\/image\\\/\",\"url\":\"https:\\\/\\\/www.koest.ch\\\/wp-content\\\/uploads\\\/2020\\\/01\\\/logo_koehler_stuedeli_partner_gmbh.png\",\"contentUrl\":\"https:\\\/\\\/www.koest.ch\\\/wp-content\\\/uploads\\\/2020\\\/01\\\/logo_koehler_stuedeli_partner_gmbh.png\",\"width\":453,\"height\":220,\"caption\":\"K\u00f6hler, St\u00fcdeli & Partner GmbH\"},\"image\":{\"@id\":\"https:\\\/\\\/www.koest.ch\\\/fr\\\/#\\\/schema\\\/logo\\\/image\\\/\"},\"sameAs\":[\"https:\\\/\\\/www.facebook.com\\\/koehlerstuedeli\\\/\",\"https:\\\/\\\/x.com\\\/walter_stuedeli\",\"https:\\\/\\\/ch.linkedin.com\\\/in\\\/walterstuedeli\"]}]}<\/script>\n<!-- \/ Yoast SEO plugin. -->","yoast_head_json":{"title":"R\u00e9f\u00e9rences | K\u00f6hler, St\u00fcdeli &amp; Partner GmbH","description":"K\u00f6hler, St\u00fcdeli & Partenaires travaille depuis 20 ans pour des clients, des associations et des entreprises de renom en Suisse et \u00e0 l'\u00e9tranger.","robots":{"index":"index","follow":"follow","max-snippet":"max-snippet:-1","max-image-preview":"max-image-preview:large","max-video-preview":"max-video-preview:-1"},"canonical":"https:\/\/www.koest.ch\/fr\/references\/","og_locale":"fr_FR","og_type":"article","og_title":"R\u00e9f\u00e9rences | K\u00f6hler, St\u00fcdeli &amp; Partner GmbH","og_description":"K\u00f6hler, St\u00fcdeli & Partenaires travaille depuis 20 ans pour des clients, des associations et des entreprises de renom en Suisse et \u00e0 l'\u00e9tranger.","og_url":"https:\/\/www.koest.ch\/fr\/references\/","og_site_name":"K\u00f6hler, St\u00fcdeli &amp; Partner GmbH","article_publisher":"https:\/\/www.facebook.com\/koehlerstuedeli\/","article_modified_time":"2026-04-20T18:39:36+00:00","og_image":[{"width":2100,"height":1400,"url":"https:\/\/www.koest.ch\/wp-content\/uploads\/2019\/12\/header_bundeshaus_zeitungen.jpg","type":"image\/jpeg"}],"schema":{"@context":"https:\/\/schema.org","@graph":[{"@type":"WebPage","@id":"https:\/\/www.koest.ch\/fr\/references\/","url":"https:\/\/www.koest.ch\/fr\/references\/","name":"R\u00e9f\u00e9rences | K\u00f6hler, St\u00fcdeli &amp; Partner GmbH","isPartOf":{"@id":"https:\/\/www.koest.ch\/fr\/#website"},"primaryImageOfPage":{"@id":"https:\/\/www.koest.ch\/fr\/references\/#primaryimage"},"image":{"@id":"https:\/\/www.koest.ch\/fr\/references\/#primaryimage"},"thumbnailUrl":"https:\/\/www.koest.ch\/wp-content\/uploads\/2019\/12\/header_bundeshaus_zeitungen.jpg","datePublished":"2019-11-27T12:13:25+00:00","dateModified":"2026-04-20T18:39:36+00:00","description":"K\u00f6hler, St\u00fcdeli & Partenaires travaille depuis 20 ans pour des clients, des associations et des entreprises de renom en Suisse et \u00e0 l'\u00e9tranger.","breadcrumb":{"@id":"https:\/\/www.koest.ch\/fr\/references\/#breadcrumb"},"inLanguage":"fr-FR","potentialAction":[{"@type":"ReadAction","target":["https:\/\/www.koest.ch\/fr\/references\/"]}]},{"@type":"ImageObject","inLanguage":"fr-FR","@id":"https:\/\/www.koest.ch\/fr\/references\/#primaryimage","url":"https:\/\/www.koest.ch\/wp-content\/uploads\/2019\/12\/header_bundeshaus_zeitungen.jpg","contentUrl":"https:\/\/www.koest.ch\/wp-content\/uploads\/2019\/12\/header_bundeshaus_zeitungen.jpg","width":2100,"height":1400},{"@type":"BreadcrumbList","@id":"https:\/\/www.koest.ch\/fr\/references\/#breadcrumb","itemListElement":[{"@type":"ListItem","position":1,"name":"Startseite","item":"https:\/\/www.koest.ch\/fr\/koehler-stuedeli-partner-gmbh\/"},{"@type":"ListItem","position":2,"name":"R\u00e9f\u00e9rences"}]},{"@type":"WebSite","@id":"https:\/\/www.koest.ch\/fr\/#website","url":"https:\/\/www.koest.ch\/fr\/","name":"K\u00f6hler, St\u00fcdeli & Partner GmbH","description":"Politikberatung, Verbands- und Kommunikationsmanagement, Kampagnen","publisher":{"@id":"https:\/\/www.koest.ch\/fr\/#organization"},"alternateName":"koest.ch","potentialAction":[{"@type":"SearchAction","target":{"@type":"EntryPoint","urlTemplate":"https:\/\/www.koest.ch\/fr\/?s={search_term_string}"},"query-input":{"@type":"PropertyValueSpecification","valueRequired":true,"valueName":"search_term_string"}}],"inLanguage":"fr-FR"},{"@type":"Organization","@id":"https:\/\/www.koest.ch\/fr\/#organization","name":"K\u00f6hler, St\u00fcdeli & Partner GmbH","alternateName":"koest.ch","url":"https:\/\/www.koest.ch\/fr\/","logo":{"@type":"ImageObject","inLanguage":"fr-FR","@id":"https:\/\/www.koest.ch\/fr\/#\/schema\/logo\/image\/","url":"https:\/\/www.koest.ch\/wp-content\/uploads\/2020\/01\/logo_koehler_stuedeli_partner_gmbh.png","contentUrl":"https:\/\/www.koest.ch\/wp-content\/uploads\/2020\/01\/logo_koehler_stuedeli_partner_gmbh.png","width":453,"height":220,"caption":"K\u00f6hler, St\u00fcdeli & Partner GmbH"},"image":{"@id":"https:\/\/www.koest.ch\/fr\/#\/schema\/logo\/image\/"},"sameAs":["https:\/\/www.facebook.com\/koehlerstuedeli\/","https:\/\/x.com\/walter_stuedeli","https:\/\/ch.linkedin.com\/in\/walterstuedeli"]}]}},"_links":{"self":[{"href":"https:\/\/www.koest.ch\/fr\/wp-json\/wp\/v2\/pages\/4099","targetHints":{"allow":["GET"]}}],"collection":[{"href":"https:\/\/www.koest.ch\/fr\/wp-json\/wp\/v2\/pages"}],"about":[{"href":"https:\/\/www.koest.ch\/fr\/wp-json\/wp\/v2\/types\/page"}],"author":[{"embeddable":true,"href":"https:\/\/www.koest.ch\/fr\/wp-json\/wp\/v2\/users\/1"}],"replies":[{"embeddable":true,"href":"https:\/\/www.koest.ch\/fr\/wp-json\/wp\/v2\/comments?post=4099"}],"version-history":[{"count":1,"href":"https:\/\/www.koest.ch\/fr\/wp-json\/wp\/v2\/pages\/4099\/revisions"}],"predecessor-version":[{"id":5037,"href":"https:\/\/www.koest.ch\/fr\/wp-json\/wp\/v2\/pages\/4099\/revisions\/5037"}],"wp:featuredmedia":[{"embeddable":true,"href":"https:\/\/www.koest.ch\/fr\/wp-json\/wp\/v2\/media\/3450"}],"wp:attachment":[{"href":"https:\/\/www.koest.ch\/fr\/wp-json\/wp\/v2\/media?parent=4099"}],"wp:term":[{"taxonomy":"category","embeddable":true,"href":"https:\/\/www.koest.ch\/fr\/wp-json\/wp\/v2\/categories?post=4099"},{"taxonomy":"post_tag","embeddable":true,"href":"https:\/\/www.koest.ch\/fr\/wp-json\/wp\/v2\/tags?post=4099"}],"curies":[{"name":"wp","href":"https:\/\/api.w.org\/{rel}","templated":true}]}}