{"id":4207,"date":"2019-10-08T16:14:18","date_gmt":"2019-10-08T14:14:18","guid":{"rendered":"https:\/\/www.koest.ch\/protection-des-donnees\/"},"modified":"2025-05-22T16:31:12","modified_gmt":"2025-05-22T14:31:12","slug":"protection-des-donnees","status":"publish","type":"page","link":"https:\/\/www.koest.ch\/fr\/protection-des-donnees\/","title":{"rendered":"Protection des donn\u00e9es"},"content":{"rendered":"\t\t<div data-elementor-type=\"wp-page\" data-elementor-id=\"4207\" class=\"elementor elementor-4207 elementor-90\" data-elementor-post-type=\"page\">\n\t\t\t\t\t\t<section class=\"elementor-section elementor-top-section elementor-element elementor-element-4f3ca89c elementor-section-boxed elementor-section-height-default elementor-section-height-default\" data-id=\"4f3ca89c\" data-element_type=\"section\" data-e-type=\"section\">\n\t\t\t\t\t\t<div class=\"elementor-container elementor-column-gap-default\">\n\t\t\t\t\t<div class=\"elementor-column elementor-col-100 elementor-top-column elementor-element elementor-element-387c56\" data-id=\"387c56\" data-element_type=\"column\" data-e-type=\"column\">\n\t\t\t<div class=\"elementor-widget-wrap elementor-element-populated\">\n\t\t\t\t\t\t<div class=\"elementor-element elementor-element-5551af68 elementor-widget elementor-widget-text-editor\" data-id=\"5551af68\" data-element_type=\"widget\" data-e-type=\"widget\" data-widget_type=\"text-editor.default\">\n\t\t\t\t<div class=\"elementor-widget-container\">\n\t\t\t\t\t\t\t\t\t<p>Par la pr\u00e9sente <strong>d\u00e9claration de protection des donn\u00e9es<\/strong>, nous vous informons sur les donn\u00e9es personnelles que nous traitons dans le cadre de nos <strong>activit\u00e9s,<\/strong> y compris <strong>www.koest.ch-Website<\/strong>. Nous vous informons en particulier de l&rsquo;objet, de la mani\u00e8re et du lieu du traitement des donn\u00e9es personnelles. Nous vous informons \u00e9galement des droits des personnes dont nous traitons les donn\u00e9es.  <\/p><p>D&rsquo;autres d\u00e9clarations de protection des donn\u00e9es ainsi que d&rsquo;autres documents juridiques, tels que les conditions g\u00e9n\u00e9rales de vente (CGV), les conditions d&rsquo;utilisation ou les conditions de participation, peuvent s&rsquo;appliquer \u00e0 des activit\u00e9s et des activit\u00e9s individuelles ou suppl\u00e9mentaires.<\/p><h2 id=\"kontaktadressen\">1. adresses de contact<\/h2><p>Responsabilit\u00e9 du traitement des donn\u00e9es personnelles :<\/p><p><strong id=\"verantwortlicher\">K\u00f6hler, St\u00fcdeli &amp; Partenaire S\u00e0rl<\/strong><br>Amthausgasse 18<br>3011 Berne<\/p><p><a href=\"mailto:info@koest.ch\">info@koest.ch<\/a><\/p><p>Nous attirons votre attention sur le fait que, dans certains cas, il existe d&rsquo;autres responsables du traitement des donn\u00e9es personnelles.<\/p><h2 id=\"begriffe-rechtsgrundlagen\">2. notions et bases juridiques<\/h2><h3 id=\"begriffe\">2.1 D\u00e9finitions<\/h3><p><strong>Les donn\u00e9es personnelles<\/strong> sont <em>toutes les<\/em> informations qui se rapportent \u00e0 une personne physique identifi\u00e9e ou identifiable. Une <strong>personne concern\u00e9e<\/strong> est une personne au sujet de laquelle nous traitons des donn\u00e9es personnelles. <\/p><p><strong>Le traitement<\/strong> comprend <em>toute<\/em> manipulation de donn\u00e9es personnelles, quels <em>que<\/em> soient les moyens et proc\u00e9d\u00e9s utilis\u00e9s, par exemple la consultation, la comparaison, l&rsquo;adaptation, l&rsquo;archivage, la conservation, l&rsquo;extraction, la communication, la collecte, la saisie, la collecte, l&rsquo;effacement, la divulgation, le classement, l&rsquo;organisation, la sauvegarde, la modification, la diffusion, l&rsquo;interconnexion, la destruction et l&rsquo;utilisation de donn\u00e9es personnelles.<\/p><h3 id=\"rechtsgrundlagen\">2.2 Bases juridiques<\/h3><p>Nous traitons les donn\u00e9es personnelles conform\u00e9ment \u00e0 la l\u00e9gislation suisse en mati\u00e8re de protection des donn\u00e9es, notamment la <a id=\"95175\" href=\"https:\/\/www.fedlex.admin.ch\/eli\/oc\/2022\/491\/de\" target=\"_blank\" rel=\"nofollow noopener noreferrer\">loi f\u00e9d\u00e9rale sur la protection des donn\u00e9es<\/a> (LPD) et l&rsquo;<a href=\"https:\/\/www.fedlex.admin.ch\/eli\/oc\/2022\/568\/de\" target=\"_blank\" rel=\"nofollow noopener\">ordonnance<\/a> sur la protection des donn\u00e9es (OPD).<\/p><h2 id=\"art-umfang-zweck\">3. nature, port\u00e9e et objectif<\/h2><p>Nous traitons les donn\u00e9es personnelles qui sont <em>n\u00e9cessaires<\/em> pour pouvoir exercer nos activit\u00e9s et nos activit\u00e9s de mani\u00e8re durable, conviviale, s\u00fbre et fiable. Ces donn\u00e9es personnelles peuvent notamment appartenir aux cat\u00e9gories suivantes : donn\u00e9es d&rsquo;inventaire et de contact, donn\u00e9es de navigateur et d&rsquo;appareil, donn\u00e9es de contenu, m\u00e9tadonn\u00e9es ou donn\u00e9es marginales et donn\u00e9es d&rsquo;utilisation, donn\u00e9es de localisation, donn\u00e9es de vente ainsi que donn\u00e9es de contrat et de paiement. <\/p><p>Nous traitons les donn\u00e9es personnelles pendant la <em>dur\u00e9e<\/em> n\u00e9cessaire au(x) but(s) concern\u00e9(s) ou conform\u00e9ment \u00e0 la loi. Les donn\u00e9es personnelles dont le traitement n&rsquo;est plus n\u00e9cessaire sont rendues anonymes ou supprim\u00e9es. <\/p><p>Nous pouvons faire traiter des donn\u00e9es personnelles <em>par des tiers<\/em>. Nous pouvons traiter des donn\u00e9es personnelles en collaboration avec des tiers ou les transmettre \u00e0 des tiers. Ces tiers sont notamment des prestataires sp\u00e9cialis\u00e9s dont nous utilisons les services. Nous garantissons \u00e9galement la protection des donn\u00e9es aupr\u00e8s de ces tiers.   <\/p><p><em>En principe<\/em>, nous ne traitons les donn\u00e9es personnelles qu&rsquo;avec le consentement des personnes concern\u00e9es. Si et dans la mesure o\u00f9 le traitement est autoris\u00e9 pour d&rsquo;autres raisons juridiques, nous pouvons renoncer \u00e0 demander un consentement. Nous pouvons par exemple traiter des donn\u00e9es personnelles sans consentement afin d&rsquo;ex\u00e9cuter un contrat, de respecter des obligations l\u00e9gales ou de pr\u00e9server des int\u00e9r\u00eats pr\u00e9pond\u00e9rants.  <\/p><p>Dans ce cadre, nous traitons notamment les informations qu&rsquo;une personne concern\u00e9e nous transmet <em>volontairement<\/em> lors d&rsquo;une prise de contact &#8211; par exemple par courrier postal, e-mail, messagerie instantan\u00e9e, formulaire de contact, m\u00e9dias sociaux ou t\u00e9l\u00e9phone &#8211; ou lors de l&rsquo;enregistrement d&rsquo;un compte d&rsquo;utilisateur. Nous pouvons par exemple enregistrer de telles informations dans un carnet d&rsquo;adresses, dans un syst\u00e8me de gestion de la relation client (CRM) ou \u00e0 l&rsquo;aide d&rsquo;outils comparables. Lorsque des donn\u00e9es concernant d&rsquo;autres personnes nous sont transmises, les personnes qui les transmettent sont tenues de garantir la protection des donn\u00e9es vis-\u00e0-vis de ces personnes ainsi que l&rsquo;exactitude de ces donn\u00e9es personnelles.  <\/p><p>Nous traitons en outre les donn\u00e9es personnelles que nous recevons de tiers, que nous nous procurons aupr\u00e8s de sources accessibles au public ou que nous collectons dans le cadre de nos activit\u00e9s et de nos op\u00e9rations, dans la mesure o\u00f9 un tel traitement est autoris\u00e9 pour des raisons juridiques.<\/p><h2 id=\"ausland\">4. donn\u00e9es personnelles \u00e0 l&rsquo;\u00e9tranger<\/h2><p>Nous traitons <em>en principe<\/em> les donn\u00e9es personnelles en Suisse. Nous pouvons toutefois communiquer ou exporter des donn\u00e9es personnelles vers d&rsquo;autres pays, notamment pour les y traiter ou les y faire traiter. <\/p><p>Nous pouvons communiquer des donn\u00e9es personnelles \u00e0 tous les <a href=\"https:\/\/de.wikipedia.org\/wiki\/Liste_der_Staaten_der_Erde#Tabelle\" target=\"_blank\" rel=\"nofollow noopener noreferrer\">\u00c9tats et territoires de la Terre<\/a> ainsi qu \u00ab \u00e0 d&rsquo;autres dans l \u00bb<a href=\"https:\/\/www.datenschutzpartner.ch\/2022\/04\/23\/datenschutzerklaerung-daten-export-universum-mond\/\" target=\"_blank\" rel=\"nofollow noopener noreferrer\">univers<\/a>, pour autant que la l\u00e9gislation locale garantisse une protection ad\u00e9quate des donn\u00e9es, conform\u00e9ment \u00e0 la <a href=\"https:\/\/steigerlegal.ch\/2022\/09\/10\/ndsg-schweiz-staatenliste\/\" target=\"_blank\" rel=\"nofollow noopener noreferrer\">d\u00e9cision du Conseil f\u00e9d\u00e9ral suisse<\/a>.<\/p><p>Nous pouvons communiquer des donn\u00e9es personnelles \u00e0 des \u00c9tats dont la l\u00e9gislation ne garantit pas une protection ad\u00e9quate des donn\u00e9es, \u00e0 condition qu&rsquo;une protection des donn\u00e9es appropri\u00e9e soit assur\u00e9e pour d&rsquo;autres raisons. Une protection des donn\u00e9es appropri\u00e9e peut par exemple \u00eatre assur\u00e9e par des accords contractuels correspondants, sur la base de clauses standard de protection des donn\u00e9es ou avec d&rsquo;autres garanties appropri\u00e9es. Exceptionnellement, nous pouvons exporter des donn\u00e9es personnelles vers des \u00c9tats ne disposant pas d&rsquo;une protection des donn\u00e9es ad\u00e9quate ou appropri\u00e9e, si les conditions particuli\u00e8res de protection des donn\u00e9es sont remplies, par exemple le consentement explicite des personnes concern\u00e9es ou un lien direct avec la conclusion ou l&rsquo;ex\u00e9cution d&rsquo;un contrat. Sur demande, nous renseignons volontiers les personnes concern\u00e9es sur d&rsquo;\u00e9ventuelles garanties ou leur fournissons une copie de celles-ci.   <\/p><h2 id=\"rechte\">5. droits des personnes concern\u00e9es<\/h2><h3 id=\"ansprueche\">5.1 Droits en mati\u00e8re de protection des donn\u00e9es<\/h3><p>Nous accordons aux personnes concern\u00e9es tous les droits pr\u00e9vus par la l\u00e9gislation applicable en mati\u00e8re de protection des donn\u00e9es. Les personnes concern\u00e9es disposent notamment des droits suivants : <\/p><ul><li><strong>Renseignements :<\/strong> les personnes concern\u00e9es peuvent demander \u00e0 savoir si nous traitons des donn\u00e9es personnelles les concernant et, dans l&rsquo;affirmative, de quelles donn\u00e9es personnelles il s&rsquo;agit. Les personnes concern\u00e9es re\u00e7oivent en outre les informations n\u00e9cessaires pour faire valoir leurs droits en mati\u00e8re de protection des donn\u00e9es et pour garantir la transparence. En font partie les donn\u00e9es personnelles trait\u00e9es en tant que telles, mais aussi, entre autres, des informations sur le but du traitement, la dur\u00e9e de conservation, une \u00e9ventuelle communication ou exportation de donn\u00e9es dans d&rsquo;autres \u00c9tats et l&rsquo;origine des donn\u00e9es personnelles.  <\/li><li><strong>Rectification et limitation :<\/strong> les personnes concern\u00e9es peuvent faire rectifier des donn\u00e9es personnelles inexactes, faire compl\u00e9ter des donn\u00e9es incompl\u00e8tes et faire limiter le traitement de leurs donn\u00e9es.<\/li><li><strong>Effacement et opposition :<\/strong> les personnes concern\u00e9es peuvent faire effacer leurs donn\u00e9es personnelles (\u00ab\u00a0droit \u00e0 l&rsquo;oubli\u00a0\u00bb) et s&rsquo;opposer au traitement de leurs donn\u00e9es avec effet pour l&rsquo;avenir.<\/li><li><strong>la divulgation et le transfert des donn\u00e9es :<\/strong> Les personnes concern\u00e9es peuvent demander la restitution de donn\u00e9es personnelles ou le transfert de leurs donn\u00e9es \u00e0 un autre responsable du traitement.<\/li><\/ul><p>Nous pouvons suspendre, limiter ou refuser l&rsquo;exercice des droits des personnes concern\u00e9es dans les limites autoris\u00e9es par la loi. Nous pouvons attirer l&rsquo;attention des personnes concern\u00e9es sur les conditions \u00e0 remplir \u00e9ventuellement pour l&rsquo;exercice de leurs droits en mati\u00e8re de protection des donn\u00e9es. Nous pouvons par exemple refuser de fournir tout ou partie des informations en invoquant le secret des affaires ou la protection d&rsquo;autres personnes. Nous pouvons \u00e9galement refuser, par exemple, de supprimer tout ou partie des donn\u00e9es personnelles en invoquant des obligations l\u00e9gales de conservation.   <\/p><p>Nous pouvons <em>exceptionnellement<\/em> pr\u00e9voir des frais pour l&rsquo;exercice des droits. Nous informons au pr\u00e9alable les personnes concern\u00e9es des frais \u00e9ventuels. <\/p><p>Nous sommes tenus d&rsquo;identifier, par des mesures appropri\u00e9es, les personnes concern\u00e9es qui demandent des informations ou font valoir d&rsquo;autres droits. Les personnes concern\u00e9es sont tenues de coop\u00e9rer. <\/p><h3 id=\"beschwerderecht\">5.2 Droit de recours<\/h3><p>Les personnes concern\u00e9es ont le droit de faire valoir leurs droits en mati\u00e8re de protection des donn\u00e9es par voie juridique ou de d\u00e9poser une plainte aupr\u00e8s d&rsquo;une autorit\u00e9 de contr\u00f4le comp\u00e9tente en mati\u00e8re de protection des donn\u00e9es.<\/p><p>L&rsquo;autorit\u00e9 de surveillance de la protection des donn\u00e9es pour les responsables priv\u00e9s et les organes f\u00e9d\u00e9raux en Suisse est le <a href=\"https:\/\/www.edoeb.admin.ch\/\" target=\"_blank\" rel=\"nofollow noopener noreferrer\">Pr\u00e9pos\u00e9 f\u00e9d\u00e9ral \u00e0 la protection des donn\u00e9es et \u00e0 la transparence<\/a> (PFPDT).<\/p><h2 id=\"sicherheit\">6. s\u00e9curit\u00e9 des donn\u00e9es<\/h2><p>Nous prenons des mesures techniques et organisationnelles appropri\u00e9es afin de garantir une s\u00e9curit\u00e9 des donn\u00e9es adapt\u00e9e au risque respectif. Nous ne pouvons toutefois pas garantir une s\u00e9curit\u00e9 absolue des donn\u00e9es. <\/p><p>L&rsquo;acc\u00e8s \u00e0 notre site web s&rsquo;effectue au moyen du cryptage de transport (SSL \/ TLS, en particulier avec le Hypertext Transfer Protocol Secure, en abr\u00e9g\u00e9 HTTPS). La plupart des navigateurs signalent le cryptage de transport par un cadenas dans la barre d&rsquo;adresse. <\/p><p>Nos communications num\u00e9riques sont soumises &#8211; comme toute communication num\u00e9rique &#8211; \u00e0 la surveillance de masse sans motif ni soup\u00e7on, ainsi qu&rsquo;\u00e0 d&rsquo;autres formes de surveillance par les autorit\u00e9s de s\u00e9curit\u00e9 en Suisse, dans le reste de l&rsquo;Europe, aux \u00c9tats-Unis d&rsquo;Am\u00e9rique (USA) et dans d&rsquo;autres pays. Nous ne pouvons pas exercer d&rsquo;influence directe sur le traitement correspondant des donn\u00e9es personnelles par les services secrets, les services de police et autres autorit\u00e9s de s\u00e9curit\u00e9. <\/p><h2 id=\"website\">7. utilisation du site web<\/h2><h3 id=\"cookies\">7.1 Cookies<\/h3><p>Nous pouvons utiliser des cookies. Les cookies, qu&rsquo;il s&rsquo;agisse de nos propres cookies (cookies de premi\u00e8re partie) ou de cookies de tiers dont nous utilisons les services (cookies de troisi\u00e8me partie), sont des donn\u00e9es qui sont stock\u00e9es dans le navigateur. Ces donn\u00e9es stock\u00e9es ne se limitent pas n\u00e9cessairement aux cookies traditionnels sous forme de texte.  <\/p><p>Les cookies peuvent \u00eatre stock\u00e9s temporairement dans le navigateur en tant que \u00ab cookies de session \u00bb ou pour une p\u00e9riode d\u00e9termin\u00e9e en tant que \u00ab cookies permanents \u00bb. Les \u00ab cookies de session \u00bb sont automatiquement supprim\u00e9s lorsque le navigateur est ferm\u00e9. Les cookies permanents ont une dur\u00e9e de stockage d\u00e9termin\u00e9e. Les cookies permettent notamment de reconna\u00eetre un navigateur lors de la prochaine visite de notre site web et de mesurer ainsi par exemple la port\u00e9e de notre site web. Les cookies permanents peuvent \u00e9galement \u00eatre utilis\u00e9s \u00e0 des fins de marketing en ligne, par exemple.    <\/p><p>Les cookies peuvent \u00eatre d\u00e9sactiv\u00e9s ou supprim\u00e9s en partie ou en totalit\u00e9 \u00e0 tout moment dans les param\u00e8tres du navigateur. Sans cookies, notre site web ne sera \u00e9ventuellement plus disponible dans son int\u00e9gralit\u00e9. Nous demandons activement &#8211; au moins si et dans la mesure o\u00f9 cela est n\u00e9cessaire &#8211; le consentement explicite \u00e0 l&rsquo;utilisation de cookies.  <\/p><p>Pour les cookies utilis\u00e9s pour la mesure d&rsquo;audience et de succ\u00e8s ou pour la publicit\u00e9, une opposition g\u00e9n\u00e9rale (\u00ab opt-out \u00bb) est possible pour de nombreux services via <a href=\"https:\/\/youradchoices.ca\/\" target=\"_blank\" rel=\"nofollow noopener noreferrer\">AdChoices<\/a> (Digital Advertising Alliance of Canada), la <a href=\"https:\/\/optout.networkadvertising.org\/\" target=\"_blank\" rel=\"nofollow noopener noreferrer\">Network Advertising Initiative<\/a> (NAI), <a href=\"https:\/\/optout.aboutads.info\/\" target=\"_blank\" rel=\"nofollow noopener noreferrer\">YourAdChoices<\/a> (Digital Advertising Alliance) ou <a href=\"https:\/\/www.youronlinechoices.com\/ch-de\/praferenzmanagement\" target=\"_blank\" rel=\"nofollow noopener noreferrer\">Your Online Choices<\/a> (European Interactive Digital Advertising Alliance, EDAA).<\/p><h3 id=\"logdateien\">7.2 Fichiers journaux du serveur<\/h3><p>Nous pouvons collecter les informations suivantes pour chaque acc\u00e8s \u00e0 notre site web, dans la mesure o\u00f9 elles sont transmises par votre navigateur \u00e0 notre infrastructure de serveur ou peuvent \u00eatre d\u00e9termin\u00e9es par notre serveur web : date et heure, y compris le fuseau horaire, <a href=\"https:\/\/de.wikipedia.org\/wiki\/IP-Adresse\" target=\"_blank\" rel=\"nofollow noopener noreferrer\">adresse IP<\/a>, statut d&rsquo;acc\u00e8s (code d&rsquo;\u00e9tat HTTP), syst\u00e8me d&rsquo;exploitation, y compris l&rsquo;interface utilisateur et la version, navigateur, y compris la langue et la version, sous-pages individuelles de notre site web consult\u00e9es, y compris la quantit\u00e9 de donn\u00e9es transmises, derni\u00e8re page web consult\u00e9e dans la m\u00eame fen\u00eatre de navigateur (r\u00e9f\u00e9rent ou referrer).<\/p><p>Nous enregistrons ces informations, qui peuvent \u00e9galement constituer des donn\u00e9es personnelles, dans des fichiers journaux du serveur. Ces indications sont n\u00e9cessaires pour mettre \u00e0 disposition notre site web de mani\u00e8re durable, conviviale et fiable ainsi que pour pouvoir garantir la s\u00e9curit\u00e9 des donn\u00e9es et donc en particulier la protection des donn\u00e9es personnelles &#8211; \u00e9galement par des tiers ou avec l&rsquo;aide de tiers. <\/p><h3 id=\"zaehlpixel\">7.3 Pixels de suivi<\/h3><p>Nous pouvons utiliser des pixels de suivi sur notre site web. Les pixels sont \u00e9galement appel\u00e9s balises web. Les pixels &#8211; \u00e9galement ceux de tiers dont nous utilisons les services &#8211; sont de petites images g\u00e9n\u00e9ralement invisibles qui sont automatiquement appel\u00e9es lors de la visite de notre site web. Les pixels de suivi permettent de collecter les m\u00eames informations que les fichiers journaux du serveur.   <\/p><h2 id=\"mitteilungen\">8. notifications et messages<\/h2><p>Nous envoyons des notifications et des messages par courrier \u00e9lectronique et par d&rsquo;autres canaux de communication, tels que la messagerie instantan\u00e9e ou les SMS.<\/p><h3 id=\"mitteilungen-statistik\">8.1 Mesure de la r\u00e9ussite et de la port\u00e9e<\/h3><p>Les notifications et les communications peuvent contenir des liens web ou des pixels qui enregistrent si une communication individuelle a \u00e9t\u00e9 ouverte et quels liens web ont \u00e9t\u00e9 cliqu\u00e9s. De tels liens web et pixels peuvent \u00e9galement enregistrer l&rsquo;utilisation des notifications et des communications en fonction des personnes. Nous avons besoin de cette saisie statistique de l&rsquo;utilisation pour mesurer le succ\u00e8s et la port\u00e9e, afin de pouvoir envoyer des notifications et des communications de mani\u00e8re efficace et conviviale, durable, s\u00fbre et fiable, en fonction des besoins et des habitudes de lecture des destinataires.  <\/p><h3 id=\"mitteilungen-einwilligung\">8.2 Consentement et opposition<\/h3><p>Vous devez <em>en principe<\/em> consentir express\u00e9ment \u00e0 l&rsquo;utilisation de votre adresse \u00e9lectronique et de vos autres adresses de contact, \u00e0 moins que cette utilisation ne soit autoris\u00e9e pour d&rsquo;autres raisons juridiques. Pour un \u00e9ventuel consentement, nous utilisons dans la mesure du possible la proc\u00e9dure de \u00ab\u00a0double opt-in\u00a0\u00bb, c&rsquo;est-\u00e0-dire que vous recevez un e-mail avec un lien web sur lequel vous devez cliquer pour confirmer, afin d&rsquo;\u00e9viter tout abus par des tiers non autoris\u00e9s. Nous pouvons enregistrer de tels consentements, y compris <a href=\"https:\/\/de.wikipedia.org\/wiki\/IP-Adresse\" target=\"_blank\" rel=\"nofollow noopener noreferrer\">l&rsquo;adresse IP<\/a> ainsi que la date et l&rsquo;heure, pour des raisons de preuve et de s\u00e9curit\u00e9.  <\/p><p>Vous pouvez <em>en principe<\/em> vous opposer \u00e0 tout moment \u00e0 la r\u00e9ception de notifications et de communications telles que les newsletters. En faisant une telle opposition, vous pouvez \u00e9galement vous opposer \u00e0 l&rsquo;enregistrement statistique de l&rsquo;utilisation \u00e0 des fins de mesure du succ\u00e8s et de la port\u00e9e. Les notifications et communications n\u00e9cessaires en rapport avec nos activit\u00e9s restent r\u00e9serv\u00e9es.  <\/p><h3 id=\"mitteilungen-dienstleister\">8.3 Prestataires de services pour les notifications et les messages<\/h3><p>Nous envoyons des notifications et des messages \u00e0 l&rsquo;aide de prestataires de services sp\u00e9cialis\u00e9s.<\/p><p>Nous utilisons notamment<\/p><ul><li><strong><a href=\"https:\/\/mailchimp.com\/de\/\" target=\"_blank\" rel=\"nofollow noopener noreferrer\">Mailchimp, soci\u00e9t\u00e9 de services en ligne :<\/a><\/strong> Plate-forme de communication ; fournisseur : The Rocket Science Group LLC DBA Mailchimp (USA) en tant que <a href=\"https:\/\/www.intuit.com\/legal\/intuit-group-companies\/\" target=\"_blank\" rel=\"nofollow noopener noreferrer\">filiale<\/a> d&rsquo;Intuit Inc. (USA) ; informations sur la protection des donn\u00e9es : <a href=\"https:\/\/www.intuit.com\/privacy\/statement\/\" target=\"_blank\" rel=\"nofollow noopener noreferrer\">d\u00e9claration de protection des donn\u00e9es (Intuit)<\/a>, y compris \u00ab Conditions sp\u00e9cifiques aux pays et aux r\u00e9gions \u00bb (\u00ab Country and Region-Specific Terms \u00bb), <a href=\"https:\/\/mailchimp.com\/help\/mailchimp-intuit-privacy-faq\/\" target=\"_blank\" rel=\"nofollow noopener noreferrer\">\u00ab Foire aux questions sur la protection des donn\u00e9es chez Mailchimp \u00bb,<\/a> <a href=\"https:\/\/mailchimp.com\/de\/help\/mailchimp-european-data-transfers\/\" target=\"_blank\" rel=\"nofollow noopener noreferrer\">\u00ab Mailchimp et les transferts de donn\u00e9es europ\u00e9ens \u00bb,<\/a> <a href=\"https:\/\/mailchimp.com\/about\/security\/\" target=\"_blank\" rel=\"nofollow noopener noreferrer\">\u00ab S\u00e9curit\u00e9 \u00bb,<\/a> <a href=\"https:\/\/mailchimp.com\/legal\/cookies\/\" target=\"_blank\" rel=\"nofollow noopener noreferrer\">politique en mati\u00e8re de cookies<\/a>, <a href=\"https:\/\/mailchimp.com\/privacy-rights\/\" target=\"_blank\" rel=\"nofollow noopener noreferrer\">\u00ab Privacy Rights Requests \u00bb<\/a>, <a href=\"https:\/\/mailchimp.com\/legal\/\" target=\"_blank\" rel=\"nofollow noopener noreferrer\">\u00ab Conditions juridiques \u00bb.<\/a> <\/li><\/ul><h2 id=\"social-media\">9. les m\u00e9dias sociaux<\/h2><p>Nous sommes pr\u00e9sents sur des plateformes de m\u00e9dias sociaux et d&rsquo;autres plateformes en ligne afin de pouvoir communiquer avec les personnes int\u00e9ress\u00e9es et de les informer de nos activit\u00e9s et de nos activit\u00e9s. Dans le cadre de ces plateformes, des donn\u00e9es personnelles peuvent \u00e9galement \u00eatre trait\u00e9es en dehors de la Suisse. <\/p><p>Les conditions g\u00e9n\u00e9rales de vente (CGV) et les conditions d&rsquo;utilisation ainsi que les d\u00e9clarations de protection des donn\u00e9es et autres dispositions des diff\u00e9rents exploitants de ces plateformes s&rsquo;appliquent \u00e9galement. Ces dispositions informent notamment sur les droits des personnes concern\u00e9es directement vis-\u00e0-vis de la plateforme en question, ce qui inclut par exemple le droit d&rsquo;acc\u00e8s. <\/p><h2 id=\"dienste\">10. services de tiers<\/h2><p>Nous utilisons les services de tiers sp\u00e9cialis\u00e9s afin de pouvoir exercer nos activit\u00e9s et nos op\u00e9rations de mani\u00e8re durable, conviviale, s\u00fbre et fiable. Ces services nous permettent entre autres d&rsquo;int\u00e9grer des fonctions et des contenus dans notre site web. Lors d&rsquo;une telle int\u00e9gration, les services utilis\u00e9s collectent au moins temporairement les <a href=\"https:\/\/de.wikipedia.org\/wiki\/IP-Adresse\" target=\"_blank\" rel=\"nofollow noopener noreferrer\">adresses IP<\/a> des utilisateurs pour des raisons techniques imp\u00e9ratives.  <\/p><p>Pour des raisons de s\u00e9curit\u00e9, statistiques et techniques, les tiers dont nous utilisons les services peuvent traiter des donn\u00e9es agr\u00e9g\u00e9es, anonymes ou pseudonymis\u00e9es en rapport avec nos activit\u00e9s. Il s&rsquo;agit par exemple de donn\u00e9es relatives aux performances ou \u00e0 l&rsquo;utilisation, afin de pouvoir proposer le service concern\u00e9. <\/p><p>Nous utilisons notamment<\/p><ul><li><strong><a href=\"https:\/\/about.google\/products\/\" target=\"_blank\" rel=\"nofollow noopener noreferrer\">Services fournis par Google :<\/a><\/strong> Fournisseurs : Google LLC (\u00c9tats-Unis) \/ Google Ireland Limited (Irlande) pour les utilisateurs de l&rsquo;Espace \u00e9conomique europ\u00e9en (EEE) et de la Suisse ; Informations g\u00e9n\u00e9rales sur la protection des donn\u00e9es : <a href=\"https:\/\/safety.google\/intl\/de\/principles\/\" target=\"_blank\" rel=\"nofollow noopener noreferrer\">\u00ab\u00a0Principes de confidentialit\u00e9 et de s\u00e9curit\u00e9\u00a0\u00bb,<\/a> <a href=\"https:\/\/policies.google.com\/privacy?hl=de\" target=\"_blank\" rel=\"nofollow noopener noreferrer\">R\u00e8gles de confidentialit\u00e9<\/a>, <a href=\"https:\/\/privacy.google.com\/intl\/de\/businesses\/compliance\/\" target=\"_blank\" rel=\"nofollow noopener noreferrer\">\u00ab\u00a0Google s&rsquo;engage \u00e0 respecter les lois applicables en mati\u00e8re de protection des donn\u00e9es\u00a0\u00bb,<\/a> <a href=\"https:\/\/policies.google.com\/technologies\/product-privacy?hl=de\" target=\"_blank\" rel=\"nofollow noopener noreferrer\">\u00ab\u00a0Guide de confidentialit\u00e9 des produits Google\u00a0\u00bb,<\/a> <a href=\"https:\/\/policies.google.com\/technologies\/partner-sites?hl=de\" target=\"_blank\" rel=\"nofollow noopener noreferrer\">\u00ab\u00a0Comment nous utilisons les donn\u00e9es des sites web ou des applications sur lesquels nos services sont utilis\u00e9s\u00a0\u00bb (informations fournies par Google)<\/a>, <a href=\"https:\/\/policies.google.com\/technologies\/cookies?hl=de\" target=\"_blank\" rel=\"nofollow noopener noreferrer\">\u00ab\u00a0Types de cookies et autres technologies utilis\u00e9s par Google\u00a0\u00bb,<\/a> <a href=\"https:\/\/adssettings.google.com\/\" target=\"_blank\" rel=\"nofollow noopener noreferrer\">\u00ab\u00a0Publicit\u00e9 personnalis\u00e9e\u00a0\u00bb (activation \/ d\u00e9sactivation \/ param\u00e8tres)<\/a>.<\/li><li><strong><a href=\"https:\/\/www.microsoft.com\/de-ch\" target=\"_blank\" rel=\"nofollow noopener noreferrer\">Services fournis par Microsoft :<\/a><\/strong> Fournisseurs : Microsoft Corporation (\u00c9tats-Unis) \/ Microsoft Ireland Operations Limited (Irlande) pour les utilisateurs de l&rsquo;Espace \u00e9conomique europ\u00e9en (EEE), du Royaume-Uni et de la Suisse ; informations g\u00e9n\u00e9rales sur la protection des donn\u00e9es : <a href=\"https:\/\/privacy.microsoft.com\/de-de\" target=\"_blank\" rel=\"nofollow noopener noreferrer\">\u00ab\u00a0Protection des donn\u00e9es chez Microsoft\u00a0\u00bb,<\/a> <a href=\"https:\/\/www.microsoft.com\/de-ch\/trust-center\/privacy\" target=\"_blank\" rel=\"nofollow noopener noreferrer\">\u00ab\u00a0Protection des donn\u00e9es et de la vie priv\u00e9e (Trust Center)\u00a0\u00bb,<\/a> <a href=\"https:\/\/privacy.microsoft.com\/de-de\/privacystatement\" target=\"_blank\" rel=\"nofollow noopener noreferrer\">d\u00e9claration de confidentialit\u00e9<\/a>, <a href=\"https:\/\/account.microsoft.com\/account\/privacy?lang=de-DE\" target=\"_blank\" rel=\"nofollow noopener noreferrer\">tableau de bord de la protection des donn\u00e9es (param\u00e8tres de donn\u00e9es et de confidentialit\u00e9)<\/a>.<\/li><\/ul><h3 id=\"infrastruktur\">10.1 Infrastructure num\u00e9rique<\/h3><p>Nous utilisons les services de tiers sp\u00e9cialis\u00e9s afin de pouvoir recourir \u00e0 l&rsquo;infrastructure num\u00e9rique n\u00e9cessaire dans le cadre de nos activit\u00e9s et de nos op\u00e9rations. Il s&rsquo;agit par exemple de services d&rsquo;h\u00e9bergement et de stockage fournis par des fournisseurs s\u00e9lectionn\u00e9s. <\/p><p>Nous utilisons notamment<\/p><ul><li><strong><a href=\"https:\/\/www.cyon.ch\/\" target=\"_blank\" rel=\"nofollow noopener noreferrer\">Cyon :<\/a><\/strong> H\u00e9bergement ; Fournisseur : cyon GmbH (Suisse) ; Informations sur la protection des donn\u00e9es : <a href=\"https:\/\/www.cyon.ch\/ueber-cyon\/datenschutz\" target=\"_blank\" rel=\"nofollow noopener noreferrer\">\u00ab\u00a0Protection des donn\u00e9es\u00a0\u00bb,<\/a> <a href=\"https:\/\/www.cyon.ch\/legal\/datenschutzerklaerung\" target=\"_blank\" rel=\"nofollow noopener noreferrer\">D\u00e9claration de confidentialit\u00e9<\/a>.<\/li><\/ul><h3 id=\"kontaktmoeglichkeiten\">10.2 Possibilit\u00e9s de contact<\/h3><p>Nous utilisons les services de fournisseurs s\u00e9lectionn\u00e9s afin de pouvoir mieux communiquer avec des tiers, par exemple des clients potentiels ou existants.<\/p><p>Nous utilisons notamment<\/p><ul><li><strong><a href=\"https:\/\/www.bexio.com\/\" target=\"_blank\" rel=\"nofollow noopener noreferrer\">bexio :<\/a><\/strong> Customer-Relationship-Management (CRM) ; fournisseur : bexio AG (Suisse) ; informations sur la protection des donn\u00e9es : <a href=\"https:\/\/www.bexio.com\/de-CH\/richtlinien\/datenschutz\" target=\"_blank\" rel=\"nofollow noopener noreferrer\">d\u00e9claration de protection des donn\u00e9es<\/a>, <a href=\"https:\/\/www.bexio.com\/de-CH\/cloud\" target=\"_blank\" rel=\"nofollow noopener noreferrer\">\u00ab\u00a0Cloud et s\u00e9curit\u00e9 des donn\u00e9es\u00a0\u00bb,<\/a> <a href=\"https:\/\/www.bexio.com\/de-CH\/blog\/view\/datensicherheit\" target=\"_blank\" rel=\"nofollow noopener noreferrer\">\u00ab\u00a0S\u00e9curit\u00e9 des donn\u00e9es &#8211; d\u00e9finition et mesures pour les entreprises\u00a0\u00bb.<\/a><\/li><\/ul><h3 id=\"terminplanung\">10.3 Planification des rendez-vous<\/h3><p>Nous utilisons les services de tiers sp\u00e9cialis\u00e9s afin de pouvoir prendre des rendez-vous en ligne, par exemple pour des r\u00e9unions. En plus de la pr\u00e9sente d\u00e9claration de protection des donn\u00e9es, les conditions des services utilis\u00e9s, telles que les conditions d&rsquo;utilisation ou les d\u00e9clarations de protection des donn\u00e9es, s&rsquo;appliquent \u00e9galement. <\/p><h3 id=\"videokonferenz\">10.4 Conf\u00e9rences audio et vid\u00e9o<\/h3><p>Nous utilisons des services sp\u00e9cialis\u00e9s d&rsquo;audioconf\u00e9rence et de vid\u00e9oconf\u00e9rence pour pouvoir communiquer en ligne. Ils nous permettent par exemple de tenir des r\u00e9unions virtuelles ou d&rsquo;organiser des cours et des webinaires en ligne. Pour la participation \u00e0 des conf\u00e9rences audio et vid\u00e9o, les textes juridiques des diff\u00e9rents services tels que les d\u00e9clarations de protection des donn\u00e9es et les conditions d&rsquo;utilisation s&rsquo;appliquent en compl\u00e9ment.  <\/p><p>Nous recommandons, selon la situation de vie, de couper le microphone par d\u00e9faut lors de la participation \u00e0 des conf\u00e9rences audio ou vid\u00e9o et de flouter l&rsquo;arri\u00e8re-plan ou de faire appara\u00eetre un arri\u00e8re-plan virtuel.<\/p><p>Nous utilisons notamment<\/p><ul><li><strong><a href=\"https:\/\/www.microsoft.com\/de-de\/microsoft-teams\/group-chat-software\" target=\"_blank\" rel=\"nofollow noopener noreferrer\">Microsoft Teams :<\/a><\/strong> Plate-forme, entre autres, de conf\u00e9rences audio et vid\u00e9o ; fournisseur : Microsoft ; informations sp\u00e9cifiques \u00e0 Teams : <a href=\"https:\/\/docs.microsoft.com\/de-de\/microsoftteams\/teams-privacy\" target=\"_blank\" rel=\"nofollow noopener noreferrer\">\u00ab\u00a0Protection des donn\u00e9es et Microsoft Teams\u00a0\u00bb.<\/a><\/li><li><strong><a href=\"https:\/\/zoom.us\/\" target=\"_blank\" rel=\"nofollow noopener noreferrer\">Zoom :<\/a><\/strong> Vid\u00e9oconf\u00e9rences ; fournisseur : Zoom Video Communications Inc (USA) ; informations sur la protection des donn\u00e9es : <a href=\"https:\/\/zoom.us\/de-de\/privacy.html\" target=\"_blank\" rel=\"nofollow noopener noreferrer\">d\u00e9claration de protection des donn\u00e9es<\/a>, <a href=\"https:\/\/zoom.us\/de-de\/trust\/privacy.html\" target=\"_blank\" rel=\"nofollow noopener noreferrer\">\u00ab Protection des donn\u00e9es chez Zoom \u00bb,<\/a> <a href=\"https:\/\/zoom.us\/de-de\/trust\/legal-compliance.html\" target=\"_blank\" rel=\"nofollow noopener noreferrer\">\u00ab Centre de conformit\u00e9 juridique \u00bb.<\/a> <\/li><\/ul><h3 id=\"social-media-funktionen\">10.5 Fonctionnalit\u00e9s des m\u00e9dias sociaux et contenu des m\u00e9dias sociaux<\/h3><p>Nous utilisons des services et des plug-ins de tiers pour pouvoir int\u00e9grer des fonctions et des contenus de plateformes de m\u00e9dias sociaux ainsi que pour permettre le partage de contenus sur des plateformes de m\u00e9dias sociaux et par d&rsquo;autres moyens.<\/p><p>Nous utilisons notamment<\/p><ul><li><strong><a href=\"https:\/\/developer.twitter.com\/de\/docs\/twitter-for-websites\" target=\"_blank\" rel=\"nofollow noopener noreferrer\">Twitter pour les sites web :<\/a><\/strong> Int\u00e9gration de fonctions et de contenus de Twitter, par exemple des tweets int\u00e9gr\u00e9s ou des boutons \u00ab\u00a0Suivre\u00a0\u00bb et \u00ab\u00a0Tweeter\u00a0\u00bb ; Twitter International Unlimited Company (Irlande) pour les utilisateurs de l&rsquo;Espace \u00e9conomique europ\u00e9en (EEE), du Royaume-Uni et de la Suisse \/ X Corp. (\u00c9tats-Unis) pour le reste du monde ; informations sur la protection des donn\u00e9es : <a href=\"https:\/\/twitter.com\/de\/privacy\" target=\"_blank\" rel=\"nofollow noopener noreferrer\">d\u00e9claration de confidentialit\u00e9<\/a>, <a href=\"https:\/\/help.twitter.com\/de\/rules-and-policies\/data-processing-legal-bases\" target=\"_blank\" rel=\"nofollow noopener noreferrer\">\u00ab\u00a0Informations suppl\u00e9mentaires sur le traitement des donn\u00e9es\u00a0\u00bb,<\/a> <a href=\"https:\/\/help.twitter.com\/de\/twitter-for-websites-ads-info-and-privacy\" target=\"_blank\" rel=\"nofollow noopener noreferrer\">\u00ab\u00a0Confidentialit\u00e9 [&#8230;] sur Twitter pour les sites web\u00a0\u00bb,<\/a> <a href=\"https:\/\/help.twitter.com\/de\/about-personalization-across-your-devices\" target=\"_blank\" rel=\"nofollow noopener noreferrer\">\u00ab\u00a0Personnalisation bas\u00e9e sur l&rsquo;identit\u00e9 d\u00e9riv\u00e9e\u00a0\u00bb,<\/a> <a href=\"https:\/\/help.twitter.com\/de\/safety-and-security\/privacy-controls-for-tailored-ads\" target=\"_blank\" rel=\"nofollow noopener noreferrer\">\u00ab\u00a0Contr\u00f4les de confidentialit\u00e9 pour les annonces personnalis\u00e9es\u00a0\u00bb.<\/a><\/li><\/ul><h3 id=\"kartenmaterial\">10.6 Mat\u00e9riel cartographique<\/h3><p>Nous utilisons des services de tiers pour pouvoir int\u00e9grer des cartes dans notre site web.<\/p><p>Nous utilisons notamment<\/p><ul><li><strong><a href=\"https:\/\/www.google.com\/maps\" target=\"_blank\" rel=\"nofollow noopener noreferrer\">Google Maps<\/a><\/strong> y compris <strong><a href=\"https:\/\/cloud.google.com\/maps-platform\" target=\"_blank\" rel=\"nofollow noopener noreferrer\">Google Maps Platform :<\/a><\/strong> Service de cartographie ; fournisseur : Google ; informations sp\u00e9cifiques \u00e0 Google Maps : <a href=\"https:\/\/policies.google.com\/technologies\/location-data?hl=de\" target=\"_blank\" rel=\"nofollow noopener noreferrer\">\u00ab\u00a0Comment Google utilise les informations de localisation\u00a0\u00bb.<\/a><\/li><\/ul><h3 id=\"medien\">10.7 Contenu audio et vid\u00e9o num\u00e9rique<\/h3><p>Nous utilisons les services de tiers sp\u00e9cialis\u00e9s pour permettre la lecture directe de contenus audio et vid\u00e9o num\u00e9riques, comme par exemple la musique ou les podcasts.<\/p><p>Nous utilisons notamment<\/p><ul><li><strong><a href=\"https:\/\/vimeo.com\/de\/\" target=\"_blank\" rel=\"nofollow noopener noreferrer\">La soci\u00e9t\u00e9 Vimeo :<\/a><\/strong> Plate-forme vid\u00e9o ; fournisseur : Vimeo Inc. (USA) ; informations sur la protection des donn\u00e9es : <a href=\"https:\/\/vimeo.com\/privacy\" target=\"_blank\" rel=\"nofollow noopener noreferrer\">d\u00e9claration de protection des donn\u00e9es<\/a>, <a href=\"https:\/\/vimeo.com\/de\/features\/video-privacy\" target=\"_blank\" rel=\"nofollow noopener noreferrer\">\u00ab Protection des donn\u00e9es \u00bb.<\/a> <\/li><li><strong><a href=\"https:\/\/www.youtube.com\/\" target=\"_blank\" rel=\"nofollow noopener noreferrer\">YouTube :<\/a><\/strong> Plate-forme vid\u00e9o ; fournisseur : Google ; informations sp\u00e9cifiques \u00e0 YouTube : <a href=\"https:\/\/support.google.com\/youtube\/topic\/2803240?hl=de\" target=\"_blank\" rel=\"nofollow noopener noreferrer\">\u00ab\u00a0Centre de confidentialit\u00e9 et de s\u00e9curit\u00e9\u00a0\u00bb,<\/a> <a href=\"https:\/\/support.google.com\/youtube\/answer\/9315727?hl=de\" target=\"_blank\" rel=\"nofollow noopener noreferrer\">\u00ab\u00a0Mes donn\u00e9es sur YouTube\u00a0\u00bb.<\/a><\/li><\/ul><h3 id=\"dokumente\">10.8 Documents<\/h3><p>Nous utilisons des services de tiers pour pouvoir int\u00e9grer des documents dans notre site web. Ces documents peuvent par exemple comprendre des formulaires, des fichiers PDF, des pr\u00e9sentations, des tableaux et des documents texte. Nous pouvons ainsi permettre non seulement de visualiser, mais aussi de modifier ou de commenter de tels documents.  <\/p><p>Nous utilisons notamment<\/p><ul><li><strong><a href=\"https:\/\/www.microsoft.com\/de-ch\/microsoft-365\" target=\"_blank\" rel=\"nofollow noopener noreferrer\">Microsoft 365 (\u00e9galement appel\u00e9 Microsoft Office 365) :<\/a><\/strong> Documents texte ainsi que formulaires, pr\u00e9sentations et tableaux ; fournisseur : Microsoft ; informations sp\u00e9cifiques \u00e0 Microsoft 365 : <a href=\"https:\/\/www.microsoft.com\/de-de\/microsoft-365\/business\/data-security-privacy-germany\" target=\"_blank\" rel=\"nofollow noopener noreferrer\">\u00ab\u00a0Confidentialit\u00e9 et s\u00e9curit\u00e9 avec Microsoft 365\u00a0\u00bb.<\/a><\/li><\/ul><h3 id=\"schriftarten\">10.9 Polices de caract\u00e8res<\/h3><p>Nous utilisons des services de tiers pour pouvoir int\u00e9grer des polices de caract\u00e8res s\u00e9lectionn\u00e9es ainsi que des ic\u00f4nes, des logos et des symboles dans notre site web.<\/p><p>Nous utilisons notamment<\/p><ul><li><strong><a href=\"https:\/\/fontawesome.com\/\" target=\"_blank\" rel=\"nofollow noopener noreferrer\">Font Awesome (police de caract\u00e8res) :<\/a><\/strong> Icons and Logos ; Fournisseur : Fonticons Inc (USA) ; Informations sur la protection des donn\u00e9es : <a href=\"https:\/\/fontawesome.com\/privacy\" target=\"_blank\" rel=\"nofollow noopener noreferrer\">D\u00e9claration de confidentialit\u00e9<\/a>. <\/li><li><strong><a href=\"https:\/\/fonts.google.com\" target=\"_blank\" rel=\"nofollow noopener noreferrer\">Google Fonts (polices de caract\u00e8res) :<\/a><\/strong> Polices de caract\u00e8res ; fournisseur : Google ; informations sp\u00e9cifiques \u00e0 Google Fonts : <a href=\"https:\/\/fonts.googleblog.com\/2022\/11\/your-privacy-and-google-fonts.html\" target=\"_blank\" rel=\"nofollow noopener noreferrer\">\u00ab\u00a0Confidentialit\u00e9 et Google Fonts\u00a0\u00bb (\u00ab\u00a0Privacy and Google Fonts\u00a0\u00bb)<\/a>, <a href=\"https:\/\/developers.google.com\/fonts\/faq\/privacy?hl=de\" target=\"_blank\" rel=\"nofollow noopener noreferrer\">\u00ab\u00a0Confidentialit\u00e9 et collecte de donn\u00e9es\u00a0\u00bb.<\/a><\/li><\/ul><h3 id=\"kommerzielle-kommunikation\">10.10 Publicit\u00e9<\/h3><p>Nous utilisons la possibilit\u00e9 d&rsquo;afficher <strong>des publicit\u00e9s<\/strong> cibl\u00e9es sur <strong>nos activit\u00e9s et nos activit\u00e9s<\/strong> aupr\u00e8s de tiers, tels que les plateformes de m\u00e9dias sociaux et les moteurs de recherche.<\/p><p>Avec cette publicit\u00e9, nous souhaitons notamment atteindre les personnes qui s&rsquo;int\u00e9ressent d\u00e9j\u00e0 \u00e0 nos activit\u00e9s et \u00e0 nos activit\u00e9s ou qui pourraient s&rsquo;y int\u00e9resser<strong>(remarketing<\/strong> et <strong>ciblage<\/strong>). Pour ce faire, nous pouvons transmettre des donn\u00e9es correspondantes &#8211; \u00e9ventuellement aussi des donn\u00e9es personnelles &#8211; \u00e0 des tiers qui permettent une telle publicit\u00e9. Nous pouvons en outre constater si notre publicit\u00e9 est efficace, c&rsquo;est-\u00e0-dire notamment si elle entra\u00eene des visites sur notre site web <strong>(conversion tracking)<\/strong>.  <\/p><p>Les tiers aupr\u00e8s desquels nous faisons de la publicit\u00e9 et o\u00f9 vous \u00eates inscrit(e) en tant qu&rsquo;utilisateur peuvent \u00e9ventuellement associer l&rsquo;utilisation de notre site web \u00e0 votre profil sur ce site.<\/p><p>Nous utilisons notamment<\/p><ul><li><strong><a href=\"https:\/\/www.facebook.com\/business\/ads\" target=\"_blank\" rel=\"nofollow noopener noreferrer\">Publicit\u00e9 sur Facebook (Facebook Ads) :<\/a><\/strong> Publicit\u00e9 sur les m\u00e9dias sociaux ; fournisseurs : Meta Platforms Ireland Limited (Irlande) et <a href=\"https:\/\/www.facebook.com\/help\/111814505650678\" target=\"_blank\" rel=\"nofollow noopener noreferrer\">d&rsquo;autres entreprises Meta<\/a> (notamment aux \u00c9tats-Unis) ; informations sur la protection des donn\u00e9es : remarketing et ciblage, en particulier avec le <strong>pixel Facebook<\/strong>, ainsi que <strong>Custom Audiences<\/strong>, y compris <strong>Lookalike Audiences<\/strong>, <a href=\"https:\/\/www.facebook.com\/policy.php\" target=\"_blank\" rel=\"nofollow noopener noreferrer\">d\u00e9claration de protection des donn\u00e9es<\/a>, <a href=\"https:\/\/www.facebook.com\/ads\/preferences\" target=\"_blank\" rel=\"nofollow noopener noreferrer\">\u00ab\u00a0Pr\u00e9f\u00e9rences publicitaires\u00a0\u00bb<\/a> (inscription n\u00e9cessaire en tant qu&rsquo;utilisateur).<\/li><li><strong><a href=\"https:\/\/ads.google.com\/intl\/de_de\/home\/\" target=\"_blank\" rel=\"nofollow noopener noreferrer\">Google Ads :<\/a><\/strong> Publicit\u00e9 sur les moteurs de recherche ; fournisseur : Google ; informations sp\u00e9cifiques \u00e0 Google Ads : Publicit\u00e9 bas\u00e9e, entre autres, sur des requ\u00eates de recherche, diff\u00e9rents noms de domaine &#8211; notamment doubleclick.net, googleadservices.com et googlesyndication.com &#8211; \u00e9tant utilis\u00e9s pour Google Ads, <a href=\"https:\/\/policies.google.com\/technologies\/ads?hl=de\" target=\"_blank\" rel=\"nofollow noopener noreferrer\">\u00ab\u00a0Publicit\u00e9\u00a0\u00bb (Google)<\/a>, <a href=\"https:\/\/support.google.com\/ads\/answer\/1634057?hl=de\" target=\"_blank\" rel=\"nofollow noopener noreferrer\">\u00ab\u00a0Pourquoi vois-je une publicit\u00e9 particuli\u00e8re ?<\/a><\/li><li><strong><a href=\"https:\/\/business.instagram.com\/advertising\/\" target=\"_blank\" rel=\"nofollow noopener noreferrer\">Publicit\u00e9 sur Instagram :<\/a><\/strong> Publicit\u00e9 sur les m\u00e9dias sociaux ; fournisseurs : Meta Platforms Ireland Limited (Irlande) et <a href=\"https:\/\/www.facebook.com\/help\/111814505650678\" target=\"_blank\" rel=\"nofollow noopener noreferrer\">d&rsquo;autres entreprises Meta<\/a> (entre autres aux \u00c9tats-Unis) ; indications sur la protection des donn\u00e9es : remarketing et ciblage en particulier avec <strong>les pixels Facebook<\/strong> ainsi que <strong>les Custom Audiences<\/strong>, y compris <strong>les Lookalike Audiences<\/strong>, <a href=\"https:\/\/help.instagram.com\/519522125107875\" target=\"_blank\" rel=\"nofollow noopener noreferrer\">d\u00e9claration de protection des donn\u00e9es (Instagram)<\/a>, <a href=\"https:\/\/www.facebook.com\/policy.php\" target=\"_blank\" rel=\"nofollow noopener noreferrer\">d\u00e9claration de protection des donn\u00e9es (Facebook)<\/a>, <a href=\"https:\/\/www.instagram.com\/accounts\/access_tool\/ads_interests\" target=\"_blank\" rel=\"nofollow noopener noreferrer\">\u00ab Pr\u00e9f\u00e9rences publicitaires \u00bb (Instagram)<\/a> (inscription en tant qu&rsquo;utilisateur requise), <a href=\"https:\/\/www.facebook.com\/ads\/preferences\" target=\"_blank\" rel=\"nofollow noopener noreferrer\">\u00ab Pr\u00e9f\u00e9rences publicitaires \u00bb (Facebook)<\/a> (inscription en tant qu&rsquo;utilisateur requise).<\/li><li><strong><a href=\"https:\/\/business.linkedin.com\/marketing-solutions\/ads\" target=\"_blank\" rel=\"nofollow noopener noreferrer\">Les annonces LinkedIn :<\/a><\/strong> Publicit\u00e9 sur les r\u00e9seaux sociaux ; Fournisseurs : LinkedIn Corporation (USA) \/ LinkedIn Ireland Unlimited Company (Irlande) ; informations sur la protection des donn\u00e9es : remarketing et ciblage notamment avec le <strong>LinkedIn Insight Tag<\/strong>, <a href=\"https:\/\/privacy.linkedin.com\" target=\"_blank\" rel=\"nofollow noopener noreferrer\">\u00ab Protection des donn\u00e9es \u00bb,<\/a> <a href=\"https:\/\/www.linkedin.com\/legal\/privacy-policy\" target=\"_blank\" rel=\"nofollow noopener noreferrer\">d\u00e9claration de confidentialit\u00e9<\/a>, <a href=\"https:\/\/www.linkedin.com\/legal\/cookie-policy\" target=\"_blank\" rel=\"nofollow noopener noreferrer\">politique en mati\u00e8re de cookies<\/a>, <a href=\"https:\/\/www.linkedin.com\/psettings\/guest-controls\/retargeting-opt-out\" target=\"_blank\" rel=\"nofollow noopener noreferrer\">opposition \u00e0 la publicit\u00e9 personnalis\u00e9e<\/a>.<\/li><\/ul><h2 id=\"erweiterungen\">11. extensions pour le site web<\/h2><p>Nous utilisons des extensions pour notre site web afin de pouvoir utiliser des fonctions suppl\u00e9mentaires.<\/p><p>Nous utilisons notamment<\/p><ul><li><strong><a href=\"https:\/\/www.google.com\/recaptcha\/\" target=\"_blank\" rel=\"nofollow noopener noreferrer\">Google reCAPTCHA :<\/a><\/strong> Protection contre le spam (distinction entre les commentaires souhait\u00e9s par des humains et les commentaires non souhait\u00e9s par des robots, ainsi que le spam) ; fournisseur : Google ; informations sp\u00e9cifiques \u00e0 Google reCAPTCHA : <a href=\"https:\/\/developers.google.com\/recaptcha\/\" target=\"_blank\" rel=\"nofollow noopener noreferrer\">\u00ab\u00a0Qu&rsquo;est-ce que reCAPTCHA ? (\u00ab\u00a0Qu&rsquo;est-ce que reCAPTCHA ?\u00a0\u00bb)<\/a>.<\/li><li><strong><a href=\"https:\/\/wordpress.org\/plugins\/gravity-forms-zero-spam\/\" target=\"_blank\" rel=\"nofollow noopener noreferrer\">Gravity Forms Zero Spam :<\/a><\/strong> Protection contre le spam (distinction entre les commentaires souhait\u00e9s par les humains et les commentaires non souhait\u00e9s par les robots ainsi que le spam) ; fournisseur : Katz Web Services Inc. (USA) ; informations sur la protection des donn\u00e9es : utilisation sur sa propre infrastructure de serveur, <a href=\"https:\/\/www.gravitykit.com\/privacy-policy\/\" target=\"_blank\" rel=\"nofollow noopener noreferrer\">d\u00e9claration de protection des donn\u00e9es<\/a>. <\/li><li><strong><a href=\"https:\/\/jetpack.com\/\" target=\"_blank\" rel=\"nofollow noopener noreferrer\">Jetpack :<\/a><\/strong> <a href=\"https:\/\/jetpack.com\/support\/features\/\" target=\"_blank\" rel=\"nofollow noopener noreferrer\">Diff\u00e9rentes fonctions<\/a> pour le logiciel de blog libre WordPress sous forme de modules ; fournisseurs : Automattic Inc (USA) \/ Aut O&rsquo;Mattic A8C Ireland Ltd (Irlande) pour les utilisateurs, notamment en Europe ; informations sur la protection des donn\u00e9es : <a href=\"https:\/\/automattic.com\/privacy-notice\/\" target=\"_blank\" rel=\"nofollow noopener noreferrer\">d\u00e9claration de protection des donn\u00e9es pour les sites web (\u00ab\u00a0Privacy Notice for Visitors to Our Users&rsquo; Sites\u00a0\u00bb)<\/a>, <a href=\"https:\/\/automattic.com\/privacy\/\" target=\"_blank\" rel=\"nofollow noopener noreferrer\">d\u00e9claration de protection des donn\u00e9es (d&rsquo;Automattic)<\/a>, <a href=\"https:\/\/jetpack.com\/support\/privacy\/\" target=\"_blank\" rel=\"nofollow noopener noreferrer\">\u00ab\u00a0Jetpack Privacy Center\u00a0\u00bb,<\/a> <a href=\"https:\/\/jetpack.com\/support\/cookies\/%22\" target=\"_blank\" rel=\"nofollow noopener noreferrer\">politique en mati\u00e8re de cookies (Jetpack)<\/a>, <a href=\"https:\/\/automattic.com\/cookies\/\" target=\"_blank\" rel=\"nofollow noopener noreferrer\">politique en mati\u00e8re de cookies (Automattic)<\/a>. <\/li><li><strong><a href=\"https:\/\/shortpixel.ai\/\" target=\"_blank\" rel=\"nofollow noopener noreferrer\">ShortPixel :<\/a><\/strong> H\u00e9bergement et optimisation d&rsquo;images ; Fournisseur : ID SCOUT SRL (Roumanie) ; Informations sur la protection des donn\u00e9es : <a href=\"https:\/\/shortpixel.com\/privacy\" target=\"_blank\" rel=\"nofollow noopener noreferrer\">D\u00e9claration de confidentialit\u00e9<\/a>, <a href=\"https:\/\/help.shortpixel.com\/category\/318-legal-privacy\" target=\"_blank\" rel=\"nofollow noopener noreferrer\">\u00ab\u00a0Mentions l\u00e9gales &amp; Vie priv\u00e9e\u00a0\u00bb (\u00ab\u00a0Legal &amp; Privacy\u00a0\u00bb)<\/a>.<\/li><\/ul><h2 id=\"erfolgs-und-reichweitenmessung\">12. mesure de la r\u00e9ussite et de la port\u00e9e<\/h2><p>Nous essayons de d\u00e9terminer comment notre offre en ligne est utilis\u00e9e. Dans ce cadre, nous pouvons par exemple mesurer le succ\u00e8s et la port\u00e9e de nos activit\u00e9s et activit\u00e9s ainsi que l&rsquo;effet des liens de tiers vers notre site web. Mais nous pouvons aussi, par exemple, essayer et comparer la mani\u00e8re dont diff\u00e9rentes parties ou versions de notre offre en ligne sont utilis\u00e9es (m\u00e9thode \u00ab A\/B test \u00bb). Sur la base des r\u00e9sultats de la mesure du succ\u00e8s et de la port\u00e9e, nous pouvons notamment corriger des erreurs, renforcer les contenus populaires ou apporter des am\u00e9liorations \u00e0 notre offre en ligne.   <\/p><p>Pour la mesure du succ\u00e8s et de la port\u00e9e, les <a href=\"https:\/\/de.wikipedia.org\/wiki\/IP-Adresse\" target=\"_blank\" rel=\"nofollow noopener noreferrer\">adresses IP<\/a> des diff\u00e9rents utilisateurs sont enregistr\u00e9es dans la plupart des cas. Dans ce cas, les adresses IP sont <em>en principe<\/em> abr\u00e9g\u00e9es (\u00ab masquage IP \u00bb) afin de respecter le principe de minimisation des donn\u00e9es gr\u00e2ce \u00e0 la pseudonymisation correspondante. <\/p><p>Lors de la mesure du succ\u00e8s et de la port\u00e9e, des cookies peuvent \u00eatre utilis\u00e9s et des profils d&rsquo;utilisateurs cr\u00e9\u00e9s. Les profils d&rsquo;utilisateurs \u00e9ventuellement cr\u00e9\u00e9s comprennent par exemple les diff\u00e9rentes pages visit\u00e9es ou les contenus consult\u00e9s sur notre site web, des indications sur la taille de l&rsquo;\u00e9cran ou de la fen\u00eatre du navigateur et la localisation &#8211; du moins approximative. <em>En principe<\/em>, les \u00e9ventuels profils d&rsquo;utilisateurs sont \u00e9tablis exclusivement sous forme de pseudonymes et ne sont pas utilis\u00e9s pour identifier des utilisateurs individuels. Certains services de tiers auxquels les utilisateurs sont inscrits peuvent \u00e9ventuellement associer l&rsquo;utilisation de notre offre en ligne au compte ou au profil de l&rsquo;utilisateur aupr\u00e8s du service concern\u00e9.  <\/p><p>Nous utilisons notamment<\/p><ul><li><strong><a href=\"https:\/\/analytics.google.com\/\" target=\"_blank\" rel=\"nofollow noopener noreferrer\">Google Analytics :<\/a><\/strong> Mesure des r\u00e9sultats et de la port\u00e9e ; fournisseur : Google ; informations sp\u00e9cifiques \u00e0 Google Analytics : Mesure \u00e9galement sur diff\u00e9rents navigateurs et appareils <strong>(Cross-Device Tracking)<\/strong> ainsi qu&rsquo;avec des adresses IP pseudonymis\u00e9es, qui ne sont qu&rsquo;<em>exceptionnellement<\/em> transmises int\u00e9gralement \u00e0 Google aux \u00c9tats-Unis, <a href=\"https:\/\/support.google.com\/analytics\/answer\/6004245\" target=\"_blank\" rel=\"nofollow noopener noreferrer\">\u00ab\u00a0Protection des donn\u00e9es\u00a0\u00bb,<\/a> <a href=\"https:\/\/tools.google.com\/dlpage\/gaoptout\" target=\"_blank\" rel=\"nofollow noopener noreferrer\">\u00ab\u00a0Module compl\u00e9mentaire de navigateur pour la d\u00e9sactivation de Google Analytics\u00a0\u00bb.<\/a><\/li><li><strong><a href=\"https:\/\/marketingplatform.google.com\/about\/tag-manager\/\" target=\"_blank\" rel=\"nofollow noopener noreferrer\">Google Tag Manager :<\/a><\/strong> Int\u00e9gration et gestion d&rsquo;autres services de mesure de la r\u00e9ussite et de la port\u00e9e ainsi que d&rsquo;autres services de Google et de tiers ; fournisseur : Google ; informations sp\u00e9cifiques \u00e0 Google Tag Manager : <a href=\"https:\/\/support.google.com\/tagmanager\/answer\/9323295?hl=de\" target=\"_blank\" rel=\"nofollow noopener noreferrer\">\u00ab\u00a0Donn\u00e9es collect\u00e9es avec Google Tag Manager\u00a0\u00bb ;<\/a> d&rsquo;autres informations sur la protection des donn\u00e9es sont disponibles pour les diff\u00e9rents services int\u00e9gr\u00e9s et g\u00e9r\u00e9s.<\/li><li><strong><a href=\"https:\/\/matomo.org\/free-software\/\" target=\"_blank\" rel=\"nofollow noopener noreferrer\">Matomo :<\/a><\/strong> Mesure de la r\u00e9ussite et de la port\u00e9e ; fournisseur : Matomo (logiciel libre et open source) ; informations sur la protection des donn\u00e9es : utilisation sur une infrastructure de serveur propre ainsi qu&rsquo;avec des adresses IP pseudonymis\u00e9es, <a href=\"https:\/\/matomo.org\/features\/\" target=\"_blank\" rel=\"nofollow noopener noreferrer\">\u00ab\u00a0Liste de toutes les fonctionnalit\u00e9s de Matomo\u00a0\u00bb (\u00ab\u00a0List of all Matomo Features\u00a0\u00bb)<\/a>.<\/li><\/ul><h2 id=\"schlussbestimmungen\">13. dispositions finales<\/h2><p>Nous avons r\u00e9dig\u00e9 cette d\u00e9claration de protection des donn\u00e9es \u00e0 l&rsquo;aide du <a href=\"https:\/\/www.datenschutzpartner.ch\/angebot-datenschutz-generator\/\" target=\"_blank\" rel=\"nofollow noopener noreferrer\">g\u00e9n\u00e9rateur de protection des donn\u00e9es<\/a> de <a href=\"https:\/\/datenschutzpartner.ch\/\" target=\"_blank\" rel=\"nofollow noopener noreferrer\">Datenschutzpartner<\/a>.<\/p><p>Nous pouvons \u00e0 tout moment adapter et compl\u00e9ter la pr\u00e9sente d\u00e9claration de protection des donn\u00e9es. Nous informerons de ces adaptations et compl\u00e9ments sous une forme appropri\u00e9e, notamment en publiant la d\u00e9claration de protection des donn\u00e9es en vigueur sur notre site Internet. <\/p><p>Derni\u00e8re mise \u00e0 jour : septembre 2023<\/p>\t\t\t\t\t\t\t\t<\/div>\n\t\t\t\t<\/div>\n\t\t\t\t\t<\/div>\n\t\t<\/div>\n\t\t\t\t\t<\/div>\n\t\t<\/section>\n\t\t\t\t<\/div>\n\t\t","protected":false},"excerpt":{"rendered":"<p>Par la pr\u00e9sente d\u00e9claration de protection des donn\u00e9es, nous vous informons sur les donn\u00e9es personnelles que nous traitons dans le cadre de nos activit\u00e9s, y [&hellip;]<\/p>\n","protected":false},"author":1,"featured_media":3416,"parent":0,"menu_order":0,"comment_status":"closed","ping_status":"closed","template":"","meta":{"_acf_changed":false,"site-sidebar-layout":"default","site-content-layout":"default","ast-site-content-layout":"default","site-content-style":"default","site-sidebar-style":"default","ast-global-header-display":"","ast-banner-title-visibility":"","ast-main-header-display":"","ast-hfb-above-header-display":"","ast-hfb-below-header-display":"","ast-hfb-mobile-header-display":"","site-post-title":"","ast-breadcrumbs-content":"","ast-featured-img":"","footer-sml-layout":"","ast-disable-related-posts":"","theme-transparent-header-meta":"default","adv-header-id-meta":"","stick-header-meta":"","header-above-stick-meta":"","header-main-stick-meta":"","header-below-stick-meta":"","astra-migrate-meta-layouts":"default","ast-page-background-enabled":"default","ast-page-background-meta":{"desktop":{"background-color":"","background-image":"","background-repeat":"repeat","background-position":"center center","background-size":"auto","background-attachment":"scroll","background-type":"","background-media":"","overlay-type":"","overlay-color":"","overlay-opacity":"","overlay-gradient":""},"tablet":{"background-color":"","background-image":"","background-repeat":"repeat","background-position":"center center","background-size":"auto","background-attachment":"scroll","background-type":"","background-media":"","overlay-type":"","overlay-color":"","overlay-opacity":"","overlay-gradient":""},"mobile":{"background-color":"","background-image":"","background-repeat":"repeat","background-position":"center center","background-size":"auto","background-attachment":"scroll","background-type":"","background-media":"","overlay-type":"","overlay-color":"","overlay-opacity":"","overlay-gradient":""}},"ast-content-background-meta":{"desktop":{"background-color":"var(--ast-global-color-5)","background-image":"","background-repeat":"repeat","background-position":"center center","background-size":"auto","background-attachment":"scroll","background-type":"","background-media":"","overlay-type":"","overlay-color":"","overlay-opacity":"","overlay-gradient":""},"tablet":{"background-color":"var(--ast-global-color-5)","background-image":"","background-repeat":"repeat","background-position":"center center","background-size":"auto","background-attachment":"scroll","background-type":"","background-media":"","overlay-type":"","overlay-color":"","overlay-opacity":"","overlay-gradient":""},"mobile":{"background-color":"var(--ast-global-color-5)","background-image":"","background-repeat":"repeat","background-position":"center center","background-size":"auto","background-attachment":"scroll","background-type":"","background-media":"","overlay-type":"","overlay-color":"","overlay-opacity":"","overlay-gradient":""}},"footnotes":""},"categories":[],"tags":[],"class_list":["post-4207","page","type-page","status-publish","has-post-thumbnail","hentry"],"acf":[],"yoast_head":"<!-- This site is optimized with the Yoast SEO plugin v27.5 - https:\/\/yoast.com\/product\/yoast-seo-wordpress\/ -->\n<title>Protection des donn\u00e9es | K\u00f6hler, St\u00fcdeli &amp; Partner GmbH<\/title>\n<meta name=\"description\" content=\"Nous ne collectons pas et n&#039;analysons pas les donn\u00e9es collect\u00e9es sur le site et nous ne les transmettons pas \u00e0 des tiers.\" \/>\n<meta name=\"robots\" content=\"noindex, nofollow\" \/>\n<meta property=\"og:locale\" content=\"fr_FR\" \/>\n<meta property=\"og:type\" content=\"article\" \/>\n<meta property=\"og:title\" content=\"Protection des donn\u00e9es | K\u00f6hler, St\u00fcdeli &amp; Partner GmbH\" \/>\n<meta property=\"og:description\" content=\"Nous ne collectons pas et n&#039;analysons pas les donn\u00e9es collect\u00e9es sur le site et nous ne les transmettons pas \u00e0 des tiers.\" \/>\n<meta property=\"og:url\" content=\"https:\/\/www.koest.ch\/fr\/protection-des-donnees\/\" \/>\n<meta property=\"og:site_name\" content=\"K\u00f6hler, St\u00fcdeli &amp; Partner GmbH\" \/>\n<meta property=\"article:publisher\" content=\"https:\/\/www.facebook.com\/koehlerstuedeli\/\" \/>\n<meta property=\"article:modified_time\" content=\"2025-05-22T14:31:12+00:00\" \/>\n<meta property=\"og:image\" content=\"https:\/\/www.koest.ch\/wp-content\/uploads\/2019\/10\/leistungen_barbara_koehler_strasse.jpg\" \/>\n\t<meta property=\"og:image:width\" content=\"2200\" \/>\n\t<meta property=\"og:image:height\" content=\"1500\" \/>\n\t<meta property=\"og:image:type\" content=\"image\/jpeg\" \/>\n<script type=\"application\/ld+json\" class=\"yoast-schema-graph\">{\"@context\":\"https:\\\/\\\/schema.org\",\"@graph\":[{\"@type\":\"WebPage\",\"@id\":\"https:\\\/\\\/www.koest.ch\\\/fr\\\/protection-des-donnees\\\/\",\"url\":\"https:\\\/\\\/www.koest.ch\\\/fr\\\/protection-des-donnees\\\/\",\"name\":\"Protection des donn\u00e9es | K\u00f6hler, St\u00fcdeli &amp; Partner GmbH\",\"isPartOf\":{\"@id\":\"https:\\\/\\\/www.koest.ch\\\/fr\\\/#website\"},\"primaryImageOfPage\":{\"@id\":\"https:\\\/\\\/www.koest.ch\\\/fr\\\/protection-des-donnees\\\/#primaryimage\"},\"image\":{\"@id\":\"https:\\\/\\\/www.koest.ch\\\/fr\\\/protection-des-donnees\\\/#primaryimage\"},\"thumbnailUrl\":\"https:\\\/\\\/www.koest.ch\\\/wp-content\\\/uploads\\\/2019\\\/10\\\/leistungen_barbara_koehler_strasse.jpg\",\"datePublished\":\"2019-10-08T14:14:18+00:00\",\"dateModified\":\"2025-05-22T14:31:12+00:00\",\"description\":\"Nous ne collectons pas et n'analysons pas les donn\u00e9es collect\u00e9es sur le site et nous ne les transmettons pas \u00e0 des tiers.\",\"breadcrumb\":{\"@id\":\"https:\\\/\\\/www.koest.ch\\\/fr\\\/protection-des-donnees\\\/#breadcrumb\"},\"inLanguage\":\"fr-FR\",\"potentialAction\":[{\"@type\":\"ReadAction\",\"target\":[\"https:\\\/\\\/www.koest.ch\\\/fr\\\/protection-des-donnees\\\/\"]}]},{\"@type\":\"ImageObject\",\"inLanguage\":\"fr-FR\",\"@id\":\"https:\\\/\\\/www.koest.ch\\\/fr\\\/protection-des-donnees\\\/#primaryimage\",\"url\":\"https:\\\/\\\/www.koest.ch\\\/wp-content\\\/uploads\\\/2019\\\/10\\\/leistungen_barbara_koehler_strasse.jpg\",\"contentUrl\":\"https:\\\/\\\/www.koest.ch\\\/wp-content\\\/uploads\\\/2019\\\/10\\\/leistungen_barbara_koehler_strasse.jpg\",\"width\":2200,\"height\":1500},{\"@type\":\"BreadcrumbList\",\"@id\":\"https:\\\/\\\/www.koest.ch\\\/fr\\\/protection-des-donnees\\\/#breadcrumb\",\"itemListElement\":[{\"@type\":\"ListItem\",\"position\":1,\"name\":\"Startseite\",\"item\":\"https:\\\/\\\/www.koest.ch\\\/fr\\\/koehler-stuedeli-partner-gmbh\\\/\"},{\"@type\":\"ListItem\",\"position\":2,\"name\":\"Protection des donn\u00e9es\"}]},{\"@type\":\"WebSite\",\"@id\":\"https:\\\/\\\/www.koest.ch\\\/fr\\\/#website\",\"url\":\"https:\\\/\\\/www.koest.ch\\\/fr\\\/\",\"name\":\"K\u00f6hler, St\u00fcdeli & Partner GmbH\",\"description\":\"Politikberatung, Verbands- und Kommunikationsmanagement, Kampagnen\",\"publisher\":{\"@id\":\"https:\\\/\\\/www.koest.ch\\\/fr\\\/#organization\"},\"alternateName\":\"koest.ch\",\"potentialAction\":[{\"@type\":\"SearchAction\",\"target\":{\"@type\":\"EntryPoint\",\"urlTemplate\":\"https:\\\/\\\/www.koest.ch\\\/fr\\\/?s={search_term_string}\"},\"query-input\":{\"@type\":\"PropertyValueSpecification\",\"valueRequired\":true,\"valueName\":\"search_term_string\"}}],\"inLanguage\":\"fr-FR\"},{\"@type\":\"Organization\",\"@id\":\"https:\\\/\\\/www.koest.ch\\\/fr\\\/#organization\",\"name\":\"K\u00f6hler, St\u00fcdeli & Partner GmbH\",\"alternateName\":\"koest.ch\",\"url\":\"https:\\\/\\\/www.koest.ch\\\/fr\\\/\",\"logo\":{\"@type\":\"ImageObject\",\"inLanguage\":\"fr-FR\",\"@id\":\"https:\\\/\\\/www.koest.ch\\\/fr\\\/#\\\/schema\\\/logo\\\/image\\\/\",\"url\":\"https:\\\/\\\/www.koest.ch\\\/wp-content\\\/uploads\\\/2020\\\/01\\\/logo_koehler_stuedeli_partner_gmbh.png\",\"contentUrl\":\"https:\\\/\\\/www.koest.ch\\\/wp-content\\\/uploads\\\/2020\\\/01\\\/logo_koehler_stuedeli_partner_gmbh.png\",\"width\":453,\"height\":220,\"caption\":\"K\u00f6hler, St\u00fcdeli & Partner GmbH\"},\"image\":{\"@id\":\"https:\\\/\\\/www.koest.ch\\\/fr\\\/#\\\/schema\\\/logo\\\/image\\\/\"},\"sameAs\":[\"https:\\\/\\\/www.facebook.com\\\/koehlerstuedeli\\\/\",\"https:\\\/\\\/x.com\\\/walter_stuedeli\",\"https:\\\/\\\/ch.linkedin.com\\\/in\\\/walterstuedeli\"]}]}<\/script>\n<!-- \/ Yoast SEO plugin. -->","yoast_head_json":{"title":"Protection des donn\u00e9es | K\u00f6hler, St\u00fcdeli &amp; Partner GmbH","description":"Nous ne collectons pas et n'analysons pas les donn\u00e9es collect\u00e9es sur le site et nous ne les transmettons pas \u00e0 des tiers.","robots":{"index":"noindex","follow":"nofollow"},"og_locale":"fr_FR","og_type":"article","og_title":"Protection des donn\u00e9es | K\u00f6hler, St\u00fcdeli &amp; Partner GmbH","og_description":"Nous ne collectons pas et n'analysons pas les donn\u00e9es collect\u00e9es sur le site et nous ne les transmettons pas \u00e0 des tiers.","og_url":"https:\/\/www.koest.ch\/fr\/protection-des-donnees\/","og_site_name":"K\u00f6hler, St\u00fcdeli &amp; Partner GmbH","article_publisher":"https:\/\/www.facebook.com\/koehlerstuedeli\/","article_modified_time":"2025-05-22T14:31:12+00:00","og_image":[{"width":2200,"height":1500,"url":"https:\/\/www.koest.ch\/wp-content\/uploads\/2019\/10\/leistungen_barbara_koehler_strasse.jpg","type":"image\/jpeg"}],"schema":{"@context":"https:\/\/schema.org","@graph":[{"@type":"WebPage","@id":"https:\/\/www.koest.ch\/fr\/protection-des-donnees\/","url":"https:\/\/www.koest.ch\/fr\/protection-des-donnees\/","name":"Protection des donn\u00e9es | K\u00f6hler, St\u00fcdeli &amp; Partner GmbH","isPartOf":{"@id":"https:\/\/www.koest.ch\/fr\/#website"},"primaryImageOfPage":{"@id":"https:\/\/www.koest.ch\/fr\/protection-des-donnees\/#primaryimage"},"image":{"@id":"https:\/\/www.koest.ch\/fr\/protection-des-donnees\/#primaryimage"},"thumbnailUrl":"https:\/\/www.koest.ch\/wp-content\/uploads\/2019\/10\/leistungen_barbara_koehler_strasse.jpg","datePublished":"2019-10-08T14:14:18+00:00","dateModified":"2025-05-22T14:31:12+00:00","description":"Nous ne collectons pas et n'analysons pas les donn\u00e9es collect\u00e9es sur le site et nous ne les transmettons pas \u00e0 des tiers.","breadcrumb":{"@id":"https:\/\/www.koest.ch\/fr\/protection-des-donnees\/#breadcrumb"},"inLanguage":"fr-FR","potentialAction":[{"@type":"ReadAction","target":["https:\/\/www.koest.ch\/fr\/protection-des-donnees\/"]}]},{"@type":"ImageObject","inLanguage":"fr-FR","@id":"https:\/\/www.koest.ch\/fr\/protection-des-donnees\/#primaryimage","url":"https:\/\/www.koest.ch\/wp-content\/uploads\/2019\/10\/leistungen_barbara_koehler_strasse.jpg","contentUrl":"https:\/\/www.koest.ch\/wp-content\/uploads\/2019\/10\/leistungen_barbara_koehler_strasse.jpg","width":2200,"height":1500},{"@type":"BreadcrumbList","@id":"https:\/\/www.koest.ch\/fr\/protection-des-donnees\/#breadcrumb","itemListElement":[{"@type":"ListItem","position":1,"name":"Startseite","item":"https:\/\/www.koest.ch\/fr\/koehler-stuedeli-partner-gmbh\/"},{"@type":"ListItem","position":2,"name":"Protection des donn\u00e9es"}]},{"@type":"WebSite","@id":"https:\/\/www.koest.ch\/fr\/#website","url":"https:\/\/www.koest.ch\/fr\/","name":"K\u00f6hler, St\u00fcdeli & Partner GmbH","description":"Politikberatung, Verbands- und Kommunikationsmanagement, Kampagnen","publisher":{"@id":"https:\/\/www.koest.ch\/fr\/#organization"},"alternateName":"koest.ch","potentialAction":[{"@type":"SearchAction","target":{"@type":"EntryPoint","urlTemplate":"https:\/\/www.koest.ch\/fr\/?s={search_term_string}"},"query-input":{"@type":"PropertyValueSpecification","valueRequired":true,"valueName":"search_term_string"}}],"inLanguage":"fr-FR"},{"@type":"Organization","@id":"https:\/\/www.koest.ch\/fr\/#organization","name":"K\u00f6hler, St\u00fcdeli & Partner GmbH","alternateName":"koest.ch","url":"https:\/\/www.koest.ch\/fr\/","logo":{"@type":"ImageObject","inLanguage":"fr-FR","@id":"https:\/\/www.koest.ch\/fr\/#\/schema\/logo\/image\/","url":"https:\/\/www.koest.ch\/wp-content\/uploads\/2020\/01\/logo_koehler_stuedeli_partner_gmbh.png","contentUrl":"https:\/\/www.koest.ch\/wp-content\/uploads\/2020\/01\/logo_koehler_stuedeli_partner_gmbh.png","width":453,"height":220,"caption":"K\u00f6hler, St\u00fcdeli & Partner GmbH"},"image":{"@id":"https:\/\/www.koest.ch\/fr\/#\/schema\/logo\/image\/"},"sameAs":["https:\/\/www.facebook.com\/koehlerstuedeli\/","https:\/\/x.com\/walter_stuedeli","https:\/\/ch.linkedin.com\/in\/walterstuedeli"]}]}},"_links":{"self":[{"href":"https:\/\/www.koest.ch\/fr\/wp-json\/wp\/v2\/pages\/4207","targetHints":{"allow":["GET"]}}],"collection":[{"href":"https:\/\/www.koest.ch\/fr\/wp-json\/wp\/v2\/pages"}],"about":[{"href":"https:\/\/www.koest.ch\/fr\/wp-json\/wp\/v2\/types\/page"}],"author":[{"embeddable":true,"href":"https:\/\/www.koest.ch\/fr\/wp-json\/wp\/v2\/users\/1"}],"replies":[{"embeddable":true,"href":"https:\/\/www.koest.ch\/fr\/wp-json\/wp\/v2\/comments?post=4207"}],"version-history":[{"count":0,"href":"https:\/\/www.koest.ch\/fr\/wp-json\/wp\/v2\/pages\/4207\/revisions"}],"wp:featuredmedia":[{"embeddable":true,"href":"https:\/\/www.koest.ch\/fr\/wp-json\/wp\/v2\/media\/3416"}],"wp:attachment":[{"href":"https:\/\/www.koest.ch\/fr\/wp-json\/wp\/v2\/media?parent=4207"}],"wp:term":[{"taxonomy":"category","embeddable":true,"href":"https:\/\/www.koest.ch\/fr\/wp-json\/wp\/v2\/categories?post=4207"},{"taxonomy":"post_tag","embeddable":true,"href":"https:\/\/www.koest.ch\/fr\/wp-json\/wp\/v2\/tags?post=4207"}],"curies":[{"name":"wp","href":"https:\/\/api.w.org\/{rel}","templated":true}]}}